{"id":1167,"date":"2021-12-12T10:37:19","date_gmt":"2021-12-12T09:37:19","guid":{"rendered":"https:\/\/entreprise-en-transition.fr\/?page_id=1167"},"modified":"2021-12-12T22:25:08","modified_gmt":"2021-12-12T21:25:08","slug":"et-si-le-moment-etait-venu-de-passer-a-l-action","status":"publish","type":"page","link":"https:\/\/entreprise-en-transition.fr\/index.php\/et-si-le-moment-etait-venu-de-passer-a-l-action\/","title":{"rendered":"Et si le moment \u00e9tait venu de passer \u00e0 l action"},"content":{"rendered":"\t\t<div data-elementor-type=\"wp-post\" data-elementor-id=\"1167\" class=\"elementor elementor-1167\" data-elementor-post-type=\"page\">\n\t\t\t\t\t\t<section class=\"elementor-section elementor-top-section elementor-element elementor-element-9a1559 elementor-section-height-min-height elementor-section-stretched elementor-section-boxed elementor-section-height-default elementor-section-items-middle\" data-id=\"9a1559\" data-element_type=\"section\" data-e-type=\"section\" data-settings=\"{&quot;background_background&quot;:&quot;classic&quot;,&quot;stretch_section&quot;:&quot;section-stretched&quot;}\">\n\t\t\t\t\t\t\t<div class=\"elementor-background-overlay\"><\/div>\n\t\t\t\t\t\t\t<div class=\"elementor-container elementor-column-gap-no\">\n\t\t\t\t\t<div class=\"elementor-column elementor-col-100 elementor-top-column elementor-element elementor-element-4ee70606\" data-id=\"4ee70606\" data-element_type=\"column\" data-e-type=\"column\">\n\t\t\t<div class=\"elementor-widget-wrap elementor-element-populated\">\n\t\t\t\t\t\t<div class=\"elementor-element elementor-element-d68a7a2 elementor-widget elementor-widget-heading\" data-id=\"d68a7a2\" data-element_type=\"widget\" data-e-type=\"widget\" data-widget_type=\"heading.default\">\n\t\t\t\t<div class=\"elementor-widget-container\">\n\t\t\t\t\t<h2 class=\"elementor-heading-title elementor-size-default\">Je passe \u00e0 l'action !<\/h2>\t\t\t\t<\/div>\n\t\t\t\t<\/div>\n\t\t\t\t\t<\/div>\n\t\t<\/div>\n\t\t\t\t\t<\/div>\n\t\t<\/section>\n\t\t\t\t<section class=\"elementor-section elementor-top-section elementor-element elementor-element-1acf3630 elementor-section-boxed elementor-section-height-default elementor-section-height-default\" data-id=\"1acf3630\" data-element_type=\"section\" data-e-type=\"section\" data-settings=\"{&quot;background_background&quot;:&quot;classic&quot;}\">\n\t\t\t\t\t\t<div class=\"elementor-container elementor-column-gap-default\">\n\t\t\t\t\t<div class=\"elementor-column elementor-col-100 elementor-top-column elementor-element elementor-element-2478543b\" data-id=\"2478543b\" data-element_type=\"column\" data-e-type=\"column\" data-settings=\"{&quot;background_background&quot;:&quot;classic&quot;}\">\n\t\t\t<div class=\"elementor-widget-wrap elementor-element-populated\">\n\t\t\t\t\t\t<div class=\"elementor-element elementor-element-46fb7389 elementor-invisible elementor-widget elementor-widget-text-editor\" data-id=\"46fb7389\" data-element_type=\"widget\" data-e-type=\"widget\" data-settings=\"{&quot;_animation&quot;:&quot;fadeInLeft&quot;,&quot;_animation_delay&quot;:&quot;400&quot;}\" data-widget_type=\"text-editor.default\">\n\t\t\t\t<div class=\"elementor-widget-container\">\n\t\t\t\t\t\t\t\t\t<h2 style=\"text-align: center;\">Le temps presse ! Tous les jours de nouvelles informations nous<br>rappellent l\u2019urgence d\u2019agir pour freiner le r\u00e9chauffement climatique<br>et la chute de la biodiversit\u00e9. Le moment est venu de passer \u00e0 l\u2019action !<\/h2>\t\t\t\t\t\t\t\t<\/div>\n\t\t\t\t<\/div>\n\t\t\t\t\t<\/div>\n\t\t<\/div>\n\t\t\t\t\t<\/div>\n\t\t<\/section>\n\t\t\t\t<section class=\"elementor-section elementor-top-section elementor-element elementor-element-5e74fec1 elementor-section-stretched elementor-section-boxed elementor-section-height-default elementor-section-height-default\" data-id=\"5e74fec1\" data-element_type=\"section\" data-e-type=\"section\" data-settings=\"{&quot;background_background&quot;:&quot;classic&quot;,&quot;stretch_section&quot;:&quot;section-stretched&quot;}\">\n\t\t\t\t\t\t<div class=\"elementor-container elementor-column-gap-default\">\n\t\t\t\t\t<div class=\"elementor-column elementor-col-100 elementor-top-column elementor-element elementor-element-2e7ce44a\" data-id=\"2e7ce44a\" data-element_type=\"column\" data-e-type=\"column\">\n\t\t\t<div class=\"elementor-widget-wrap elementor-element-populated\">\n\t\t\t\t\t\t<section class=\"elementor-section elementor-inner-section elementor-element elementor-element-8620c69 elementor-section-boxed elementor-section-height-default elementor-section-height-default\" data-id=\"8620c69\" data-element_type=\"section\" data-e-type=\"section\">\n\t\t\t\t\t\t<div class=\"elementor-container elementor-column-gap-default\">\n\t\t\t\t\t<div class=\"elementor-column elementor-col-50 elementor-inner-column elementor-element elementor-element-76bf5f9\" data-id=\"76bf5f9\" data-element_type=\"column\" data-e-type=\"column\">\n\t\t\t<div class=\"elementor-widget-wrap elementor-element-populated\">\n\t\t\t\t\t\t<div class=\"elementor-element elementor-element-d277e29 elementor-widget elementor-widget-image\" data-id=\"d277e29\" data-element_type=\"widget\" data-e-type=\"widget\" data-widget_type=\"image.default\">\n\t\t\t\t<div class=\"elementor-widget-container\">\n\t\t\t\t\t\t\t\t\t\t\t\t\t\t\t<img fetchpriority=\"high\" decoding=\"async\" width=\"840\" height=\"559\" src=\"https:\/\/entreprise-en-transition.fr\/wp-content\/uploads\/2021\/12\/business-woman-outdoor-1-1024x682.jpg\" class=\"attachment-large size-large wp-image-1159\" alt=\"Le temps presse ! Tous les jours de nouvelles informations nous rappellent l\u2019urgence d\u2019agir pour freiner le r\u00e9chauffement climatique et la chute de la biodiversit\u00e9. Alors est-il encore urgent d\u2019attendre ou le moment est-il venu de passer \u00e0 l\u2019action ?\" srcset=\"https:\/\/entreprise-en-transition.fr\/wp-content\/uploads\/2021\/12\/business-woman-outdoor-1-1024x682.jpg 1024w, https:\/\/entreprise-en-transition.fr\/wp-content\/uploads\/2021\/12\/business-woman-outdoor-1-300x200.jpg 300w, https:\/\/entreprise-en-transition.fr\/wp-content\/uploads\/2021\/12\/business-woman-outdoor-1-768x512.jpg 768w, https:\/\/entreprise-en-transition.fr\/wp-content\/uploads\/2021\/12\/business-woman-outdoor-1-1536x1024.jpg 1536w, https:\/\/entreprise-en-transition.fr\/wp-content\/uploads\/2021\/12\/business-woman-outdoor-1-1200x800.jpg 1200w, https:\/\/entreprise-en-transition.fr\/wp-content\/uploads\/2021\/12\/business-woman-outdoor-1.jpg 2000w\" sizes=\"(max-width: 709px) 85vw, (max-width: 909px) 67vw, (max-width: 1362px) 62vw, 840px\" \/>\t\t\t\t\t\t\t\t\t\t\t\t\t\t\t<\/div>\n\t\t\t\t<\/div>\n\t\t\t\t\t<\/div>\n\t\t<\/div>\n\t\t\t\t<div class=\"elementor-column elementor-col-50 elementor-inner-column elementor-element elementor-element-d323c44\" data-id=\"d323c44\" data-element_type=\"column\" data-e-type=\"column\">\n\t\t\t<div class=\"elementor-widget-wrap elementor-element-populated\">\n\t\t\t\t\t\t<div class=\"elementor-element elementor-element-06d06d8 elementor-widget elementor-widget-image\" data-id=\"06d06d8\" data-element_type=\"widget\" data-e-type=\"widget\" data-widget_type=\"image.default\">\n\t\t\t\t<div class=\"elementor-widget-container\">\n\t\t\t\t\t\t\t\t\t\t\t\t\t\t\t<img decoding=\"async\" width=\"840\" height=\"559\" src=\"https:\/\/entreprise-en-transition.fr\/wp-content\/uploads\/2019\/08\/successful-businessman-riding-bicycle-1024x682.jpg\" class=\"attachment-large size-large wp-image-250\" alt=\"Successful businessman riding bicycle\" srcset=\"https:\/\/entreprise-en-transition.fr\/wp-content\/uploads\/2019\/08\/successful-businessman-riding-bicycle-1024x682.jpg 1024w, https:\/\/entreprise-en-transition.fr\/wp-content\/uploads\/2019\/08\/successful-businessman-riding-bicycle-300x200.jpg 300w, https:\/\/entreprise-en-transition.fr\/wp-content\/uploads\/2019\/08\/successful-businessman-riding-bicycle-768x512.jpg 768w, https:\/\/entreprise-en-transition.fr\/wp-content\/uploads\/2019\/08\/successful-businessman-riding-bicycle-1200x800.jpg 1200w, https:\/\/entreprise-en-transition.fr\/wp-content\/uploads\/2019\/08\/successful-businessman-riding-bicycle.jpg 2000w\" sizes=\"(max-width: 709px) 85vw, (max-width: 909px) 67vw, (max-width: 1362px) 62vw, 840px\" \/>\t\t\t\t\t\t\t\t\t\t\t\t\t\t\t<\/div>\n\t\t\t\t<\/div>\n\t\t\t\t\t<\/div>\n\t\t<\/div>\n\t\t\t\t\t<\/div>\n\t\t<\/section>\n\t\t\t\t\t<\/div>\n\t\t<\/div>\n\t\t\t\t\t<\/div>\n\t\t<\/section>\n\t\t\t\t<section class=\"elementor-section elementor-top-section elementor-element elementor-element-e2fa886 elementor-section-boxed elementor-section-height-default elementor-section-height-default\" data-id=\"e2fa886\" data-element_type=\"section\" data-e-type=\"section\" data-settings=\"{&quot;background_background&quot;:&quot;classic&quot;}\">\n\t\t\t\t\t\t<div class=\"elementor-container elementor-column-gap-default\">\n\t\t\t\t\t<div class=\"elementor-column elementor-col-100 elementor-top-column elementor-element elementor-element-a4b3395\" data-id=\"a4b3395\" data-element_type=\"column\" data-e-type=\"column\" data-settings=\"{&quot;background_background&quot;:&quot;classic&quot;}\">\n\t\t\t<div class=\"elementor-widget-wrap elementor-element-populated\">\n\t\t\t\t\t\t<div class=\"elementor-element elementor-element-6cfd025 elementor-invisible elementor-widget elementor-widget-heading\" data-id=\"6cfd025\" data-element_type=\"widget\" data-e-type=\"widget\" data-settings=\"{&quot;_animation&quot;:&quot;fadeInLeft&quot;,&quot;_animation_delay&quot;:&quot;500&quot;}\" data-widget_type=\"heading.default\">\n\t\t\t\t<div class=\"elementor-widget-container\">\n\t\t\t\t\t<h2 class=\"elementor-heading-title elementor-size-default\">Je suis dirigeant(e) et je souhaite engager mon organisation dans une\nd\u00e9marche de transition \u00e9cologique <\/h2>\t\t\t\t<\/div>\n\t\t\t\t<\/div>\n\t\t\t\t<div class=\"elementor-element elementor-element-d748b83 elementor-invisible elementor-widget elementor-widget-text-editor\" data-id=\"d748b83\" data-element_type=\"widget\" data-e-type=\"widget\" data-settings=\"{&quot;_animation&quot;:&quot;fadeInLeft&quot;,&quot;_animation_delay&quot;:&quot;400&quot;}\" data-widget_type=\"text-editor.default\">\n\t\t\t\t<div class=\"elementor-widget-container\">\n\t\t\t\t\t\t\t\t\t<p><b>Entreprises en Transition<\/b> peut m\u2019accompagner pour :<\/p>\n<p>&nbsp; &nbsp; \u2022<b> Pr\u00e9ciser mon projet<\/b> \u00e0 partir de mes besoins, possibilit\u00e9s et aspirations<br>&nbsp; &nbsp; \u2022 <b>Construire un espace<\/b> d\u2019autonomie des facilitateurs de Transition au sein de&nbsp;l\u2019organisation<br>&nbsp; &nbsp; \u2022 <b>Organiser une conf\u00e9rence <\/b>ou \u00e9v\u00e9nement de sensibilisation (un s\u00e9minaire avec&nbsp;mon comit\u00e9 de direction par exemple)<br>&nbsp; &nbsp; \u2022 <b>Constituer un groupe <\/b>de volontaires au sein de mon entreprise<br>&nbsp; &nbsp; \u2022 <b>Organiser des rencontres<\/b> pour d\u00e9finir les modalit\u00e9s d\u2019action avec les acteurs concern\u00e9s (groupe de facilitateurs, cadres, diff\u00e9rents&nbsp; &nbsp; &nbsp; &nbsp; &nbsp; &nbsp;services\u2026)<br>&nbsp; &nbsp; \u2022&nbsp;<b>Engager le processus<\/b> (contractualisation)<br>&nbsp; &nbsp; \u2022 <b>Accompagner le passage \u00e0 l\u2019action<\/b> et le processus de Transition<\/p>\n<p><b>Je peux d\u00e8s \u00e0 pr\u00e9sent prendre contact<\/b> pour un premier rendez-vous au sujet de&nbsp;mon projet :<\/p>\n<p><br><\/p>\t\t\t\t\t\t\t\t<\/div>\n\t\t\t\t<\/div>\n\t\t\t\t<div class=\"elementor-element elementor-element-d66096f elementor-align-center elementor-widget elementor-widget-button\" data-id=\"d66096f\" data-element_type=\"widget\" data-e-type=\"widget\" data-widget_type=\"button.default\">\n\t\t\t\t<div class=\"elementor-widget-container\">\n\t\t\t\t\t\t\t\t\t<div class=\"elementor-button-wrapper\">\n\t\t\t\t\t<a class=\"elementor-button elementor-button-link elementor-size-md\" href=\"https:\/\/entreprise-en-transition.fr\/index.php\/contact\">\n\t\t\t\t\t\t<span class=\"elementor-button-content-wrapper\">\n\t\t\t\t\t\t\t\t\t<span class=\"elementor-button-text\">Je passe \u00e0 l\u2019action <\/span>\n\t\t\t\t\t<\/span>\n\t\t\t\t\t<\/a>\n\t\t\t\t<\/div>\n\t\t\t\t\t\t\t\t<\/div>\n\t\t\t\t<\/div>\n\t\t\t\t\t<\/div>\n\t\t<\/div>\n\t\t\t\t\t<\/div>\n\t\t<\/section>\n\t\t\t\t<section class=\"elementor-section elementor-top-section elementor-element elementor-element-1e90835 elementor-section-boxed elementor-section-height-default elementor-section-height-default\" data-id=\"1e90835\" data-element_type=\"section\" data-e-type=\"section\">\n\t\t\t\t\t\t<div class=\"elementor-container elementor-column-gap-default\">\n\t\t\t\t\t<div class=\"elementor-column elementor-col-50 elementor-top-column elementor-element elementor-element-83aa11b\" data-id=\"83aa11b\" data-element_type=\"column\" data-e-type=\"column\">\n\t\t\t<div class=\"elementor-widget-wrap elementor-element-populated\">\n\t\t\t\t\t\t<div class=\"elementor-element elementor-element-b84c76e elementor-widget elementor-widget-image\" data-id=\"b84c76e\" data-element_type=\"widget\" data-e-type=\"widget\" data-widget_type=\"image.default\">\n\t\t\t\t<div class=\"elementor-widget-container\">\n\t\t\t\t\t\t\t\t\t\t\t\t\t\t\t<img decoding=\"async\" width=\"840\" height=\"558\" src=\"https:\/\/entreprise-en-transition.fr\/wp-content\/uploads\/2021\/12\/mature-handsome-business-man-1024x680.jpg\" class=\"attachment-large size-large wp-image-1155\" alt=\"https:\/\/entreprise-en-transition.fr\/index.php\/contact\/ )\" srcset=\"https:\/\/entreprise-en-transition.fr\/wp-content\/uploads\/2021\/12\/mature-handsome-business-man-1024x680.jpg 1024w, https:\/\/entreprise-en-transition.fr\/wp-content\/uploads\/2021\/12\/mature-handsome-business-man-300x199.jpg 300w, https:\/\/entreprise-en-transition.fr\/wp-content\/uploads\/2021\/12\/mature-handsome-business-man-768x510.jpg 768w, https:\/\/entreprise-en-transition.fr\/wp-content\/uploads\/2021\/12\/mature-handsome-business-man-1536x1020.jpg 1536w, https:\/\/entreprise-en-transition.fr\/wp-content\/uploads\/2021\/12\/mature-handsome-business-man-1200x797.jpg 1200w, https:\/\/entreprise-en-transition.fr\/wp-content\/uploads\/2021\/12\/mature-handsome-business-man.jpg 2000w\" sizes=\"(max-width: 709px) 85vw, (max-width: 909px) 67vw, (max-width: 1362px) 62vw, 840px\" \/>\t\t\t\t\t\t\t\t\t\t\t\t\t\t\t<\/div>\n\t\t\t\t<\/div>\n\t\t\t\t\t<\/div>\n\t\t<\/div>\n\t\t\t\t<div class=\"elementor-column elementor-col-50 elementor-top-column elementor-element elementor-element-22353b7\" data-id=\"22353b7\" data-element_type=\"column\" data-e-type=\"column\">\n\t\t\t<div class=\"elementor-widget-wrap elementor-element-populated\">\n\t\t\t\t\t\t<div class=\"elementor-element elementor-element-8c6e3ae elementor-widget elementor-widget-image\" data-id=\"8c6e3ae\" data-element_type=\"widget\" data-e-type=\"widget\" data-widget_type=\"image.default\">\n\t\t\t\t<div class=\"elementor-widget-container\">\n\t\t\t\t\t\t\t\t\t\t\t\t\t\t\t<img loading=\"lazy\" decoding=\"async\" width=\"840\" height=\"558\" src=\"https:\/\/entreprise-en-transition.fr\/wp-content\/uploads\/2021\/12\/pensive-business-woman-1024x680.jpg\" class=\"attachment-large size-large wp-image-1158\" alt=\"Le temps presse ! Tous les jours de nouvelles informations nous rappellent l\u2019urgence d\u2019agir pour freiner le r\u00e9chauffement climatique et la chute de la biodiversit\u00e9. Alors est-il encore urgent d\u2019attendre ou le moment est-il venu de passer \u00e0 l\u2019action ?\" srcset=\"https:\/\/entreprise-en-transition.fr\/wp-content\/uploads\/2021\/12\/pensive-business-woman-1024x680.jpg 1024w, https:\/\/entreprise-en-transition.fr\/wp-content\/uploads\/2021\/12\/pensive-business-woman-300x199.jpg 300w, https:\/\/entreprise-en-transition.fr\/wp-content\/uploads\/2021\/12\/pensive-business-woman-768x510.jpg 768w, https:\/\/entreprise-en-transition.fr\/wp-content\/uploads\/2021\/12\/pensive-business-woman-1536x1020.jpg 1536w, https:\/\/entreprise-en-transition.fr\/wp-content\/uploads\/2021\/12\/pensive-business-woman-1200x797.jpg 1200w, https:\/\/entreprise-en-transition.fr\/wp-content\/uploads\/2021\/12\/pensive-business-woman.jpg 2000w\" sizes=\"(max-width: 709px) 85vw, (max-width: 909px) 67vw, (max-width: 1362px) 62vw, 840px\" \/>\t\t\t\t\t\t\t\t\t\t\t\t\t\t\t<\/div>\n\t\t\t\t<\/div>\n\t\t\t\t\t<\/div>\n\t\t<\/div>\n\t\t\t\t\t<\/div>\n\t\t<\/section>\n\t\t\t\t<section class=\"elementor-section elementor-top-section elementor-element elementor-element-43b0533d elementor-section-boxed elementor-section-height-default elementor-section-height-default\" data-id=\"43b0533d\" data-element_type=\"section\" data-e-type=\"section\" data-settings=\"{&quot;background_background&quot;:&quot;classic&quot;}\">\n\t\t\t\t\t\t<div class=\"elementor-container elementor-column-gap-default\">\n\t\t\t\t\t<div class=\"elementor-column elementor-col-100 elementor-top-column elementor-element elementor-element-140c83d2\" data-id=\"140c83d2\" data-element_type=\"column\" data-e-type=\"column\" data-settings=\"{&quot;background_background&quot;:&quot;classic&quot;}\">\n\t\t\t<div class=\"elementor-widget-wrap elementor-element-populated\">\n\t\t\t\t\t\t<div class=\"elementor-element elementor-element-e6d6877 elementor-invisible elementor-widget elementor-widget-heading\" data-id=\"e6d6877\" data-element_type=\"widget\" data-e-type=\"widget\" data-settings=\"{&quot;_animation&quot;:&quot;fadeInLeft&quot;,&quot;_animation_delay&quot;:&quot;500&quot;}\" data-widget_type=\"heading.default\">\n\t\t\t\t<div class=\"elementor-widget-container\">\n\t\t\t\t\t<h2 class=\"elementor-heading-title elementor-size-default\">Je suis employ\u00e9(e) et j\u2019aimerais que mon organisation s\u2019engage dans\nune d\u00e9marche de transition \u00e9cologique <\/h2>\t\t\t\t<\/div>\n\t\t\t\t<\/div>\n\t\t\t\t<div class=\"elementor-element elementor-element-535cdad3 elementor-invisible elementor-widget elementor-widget-text-editor\" data-id=\"535cdad3\" data-element_type=\"widget\" data-e-type=\"widget\" data-settings=\"{&quot;_animation&quot;:&quot;fadeInLeft&quot;,&quot;_animation_delay&quot;:&quot;400&quot;}\" data-widget_type=\"text-editor.default\">\n\t\t\t\t<div class=\"elementor-widget-container\">\n\t\t\t\t\t\t\t\t\t<p><strong>Entreprises en Transition<\/strong> m\u2019accompagne pour :<\/p><p><b>\u00a0 \u00a0 \u2022 D\u00e9finir des possibilit\u00e9s d\u2019action<\/b><br \/>\u00a0 \u00a0<b> \u2022<\/b> <b>Constituer un groupe <\/b>avec les personnes volontaires au sein de mon entreprise<br \/><b>\u00a0 \u00a0 \u2022 Identifier les personnes ressources<\/b> pour induire les changements de pratique<br \/>\u00a0 \u00a0 <b>\u2022 Pr\u00e9parer la d\u00e9marche de communication<\/b><br \/>\u00a0 \u00a0 <b>\u2022 Engager mon entreprise dans la d\u00e9marche <\/b>: contractualisation avec la direction<br \/><b>\u00a0 \u00a0 \u2022<\/b> <b>Accompagner le passage \u00e0 l\u2019action<\/b> et le processus de Transition<\/p><p><b>Je peux d\u00e8s \u00e0 pr\u00e9sent prendre contact<\/b> pour un premier rendez-vous au sujet de mon projet :<\/p>\t\t\t\t\t\t\t\t<\/div>\n\t\t\t\t<\/div>\n\t\t\t\t<div class=\"elementor-element elementor-element-2ba28a1 elementor-align-center elementor-widget elementor-widget-button\" data-id=\"2ba28a1\" data-element_type=\"widget\" data-e-type=\"widget\" data-widget_type=\"button.default\">\n\t\t\t\t<div class=\"elementor-widget-container\">\n\t\t\t\t\t\t\t\t\t<div class=\"elementor-button-wrapper\">\n\t\t\t\t\t<a class=\"elementor-button elementor-button-link elementor-size-md\" href=\"https:\/\/entreprise-en-transition.fr\/index.php\/contact\">\n\t\t\t\t\t\t<span class=\"elementor-button-content-wrapper\">\n\t\t\t\t\t\t\t\t\t<span class=\"elementor-button-text\">Je passe \u00e0 l\u2019action <\/span>\n\t\t\t\t\t<\/span>\n\t\t\t\t\t<\/a>\n\t\t\t\t<\/div>\n\t\t\t\t\t\t\t\t<\/div>\n\t\t\t\t<\/div>\n\t\t\t\t\t<\/div>\n\t\t<\/div>\n\t\t\t\t\t<\/div>\n\t\t<\/section>\n\t\t\t\t<\/div>\n\t\t","protected":false},"excerpt":{"rendered":"<p>Je passe \u00e0 l&rsquo;action ! Le temps presse ! Tous les jours de nouvelles informations nousrappellent l\u2019urgence d\u2019agir pour freiner le r\u00e9chauffement climatiqueet la chute de la biodiversit\u00e9. Le moment est venu de passer \u00e0 l\u2019action ! Je suis dirigeant(e) et je souhaite engager mon organisation dans une d\u00e9marche de transition \u00e9cologique Entreprises en Transition &hellip; <a href=\"https:\/\/entreprise-en-transition.fr\/index.php\/et-si-le-moment-etait-venu-de-passer-a-l-action\/\" class=\"more-link\">Continuer la lecture<span class=\"screen-reader-text\"> de &laquo;&nbsp;Et si le moment \u00e9tait venu de passer \u00e0 l action&nbsp;&raquo;<\/span><\/a><\/p>\n","protected":false},"author":2,"featured_media":0,"parent":0,"menu_order":0,"comment_status":"closed","ping_status":"closed","template":"elementor_header_footer","meta":{"footnotes":""},"class_list":["post-1167","page","type-page","status-publish","hentry"],"_links":{"self":[{"href":"https:\/\/entreprise-en-transition.fr\/index.php\/wp-json\/wp\/v2\/pages\/1167","targetHints":{"allow":["GET"]}}],"collection":[{"href":"https:\/\/entreprise-en-transition.fr\/index.php\/wp-json\/wp\/v2\/pages"}],"about":[{"href":"https:\/\/entreprise-en-transition.fr\/index.php\/wp-json\/wp\/v2\/types\/page"}],"author":[{"embeddable":true,"href":"https:\/\/entreprise-en-transition.fr\/index.php\/wp-json\/wp\/v2\/users\/2"}],"replies":[{"embeddable":true,"href":"https:\/\/entreprise-en-transition.fr\/index.php\/wp-json\/wp\/v2\/comments?post=1167"}],"version-history":[{"count":40,"href":"https:\/\/entreprise-en-transition.fr\/index.php\/wp-json\/wp\/v2\/pages\/1167\/revisions"}],"predecessor-version":[{"id":1272,"href":"https:\/\/entreprise-en-transition.fr\/index.php\/wp-json\/wp\/v2\/pages\/1167\/revisions\/1272"}],"wp:attachment":[{"href":"https:\/\/entreprise-en-transition.fr\/index.php\/wp-json\/wp\/v2\/media?parent=1167"}],"curies":[{"name":"wp","href":"https:\/\/api.w.org\/{rel}","templated":true}]}}