{"id":1332,"date":"2022-01-29T15:46:16","date_gmt":"2022-01-29T14:46:16","guid":{"rendered":"https:\/\/entreprise-en-transition.fr\/?page_id=1332"},"modified":"2022-09-08T16:26:31","modified_gmt":"2022-09-08T14:26:31","slug":"reduire-notre-vitesse-a-110-km-h-pour-accelerer-la-transition","status":"publish","type":"page","link":"https:\/\/entreprise-en-transition.fr\/index.php\/reduire-notre-vitesse-a-110-km-h-pour-accelerer-la-transition\/","title":{"rendered":"R\u00e9duire notre vitesse \u00e0 110 km\/h, pour acc\u00e9l\u00e9rer la transition ?"},"content":{"rendered":"\t\t<div data-elementor-type=\"wp-post\" data-elementor-id=\"1332\" class=\"elementor elementor-1332\" data-elementor-post-type=\"page\">\n\t\t\t\t\t\t<section class=\"elementor-section elementor-top-section elementor-element elementor-element-9a1559 elementor-section-height-min-height elementor-section-stretched elementor-section-boxed elementor-section-height-default elementor-section-items-middle\" data-id=\"9a1559\" data-element_type=\"section\" data-e-type=\"section\" data-settings=\"{&quot;background_background&quot;:&quot;classic&quot;,&quot;stretch_section&quot;:&quot;section-stretched&quot;}\">\n\t\t\t\t\t\t\t<div class=\"elementor-background-overlay\"><\/div>\n\t\t\t\t\t\t\t<div class=\"elementor-container elementor-column-gap-no\">\n\t\t\t\t\t<div class=\"elementor-column elementor-col-100 elementor-top-column elementor-element elementor-element-4ee70606\" data-id=\"4ee70606\" data-element_type=\"column\" data-e-type=\"column\">\n\t\t\t<div class=\"elementor-widget-wrap elementor-element-populated\">\n\t\t\t\t\t\t\t<\/div>\n\t\t<\/div>\n\t\t\t\t\t<\/div>\n\t\t<\/section>\n\t\t\t\t<section class=\"elementor-section elementor-top-section elementor-element elementor-element-354b3f8a elementor-section-boxed elementor-section-height-default elementor-section-height-default\" data-id=\"354b3f8a\" data-element_type=\"section\" data-e-type=\"section\" data-settings=\"{&quot;background_background&quot;:&quot;classic&quot;}\">\n\t\t\t\t\t\t<div class=\"elementor-container elementor-column-gap-default\">\n\t\t\t\t\t<div class=\"elementor-column elementor-col-100 elementor-top-column elementor-element elementor-element-5932235c\" data-id=\"5932235c\" data-element_type=\"column\" data-e-type=\"column\" data-settings=\"{&quot;background_background&quot;:&quot;classic&quot;}\">\n\t\t\t<div class=\"elementor-widget-wrap elementor-element-populated\">\n\t\t\t\t\t\t<div class=\"elementor-element elementor-element-6dfda064 elementor-invisible elementor-widget elementor-widget-heading\" data-id=\"6dfda064\" data-element_type=\"widget\" data-e-type=\"widget\" data-settings=\"{&quot;_animation&quot;:&quot;fadeInLeft&quot;,&quot;_animation_delay&quot;:&quot;500&quot;}\" data-widget_type=\"heading.default\">\n\t\t\t\t<div class=\"elementor-widget-container\">\n\t\t\t\t\t<h2 class=\"elementor-heading-title elementor-size-default\">R\u00e9duire notre vitesse \u00e0 110 km\/h, pour acc\u00e9l\u00e9rer la transition&nbsp;? <\/h2>\t\t\t\t<\/div>\n\t\t\t\t<\/div>\n\t\t\t\t<div class=\"elementor-element elementor-element-53f79884 elementor-invisible elementor-widget elementor-widget-text-editor\" data-id=\"53f79884\" data-element_type=\"widget\" data-e-type=\"widget\" data-settings=\"{&quot;_animation&quot;:&quot;fadeInLeft&quot;,&quot;_animation_delay&quot;:&quot;400&quot;}\" data-widget_type=\"text-editor.default\">\n\t\t\t\t<div class=\"elementor-widget-container\">\n\t\t\t\t\t\t\t\t\t<p align=\"JUSTIFY\">La proposition de r\u00e9duire de 130 \u00e0 110km\/h la vitesse maximale sur les autoroutes fran\u00e7aises avait \u00e9t\u00e9 envisag\u00e9e par la Convention Citoyenne pour le Climat, constitu\u00e9e en octobre 2019. Parmi les pr\u00e8s de 150 propositions de la Convention, elle fait partie des 3 qui ont \u00e9t\u00e9 \u00e9cart\u00e9es d\u2019embl\u00e9e.<\/p><p align=\"JUSTIFY\">Les experts consult\u00e9s par la Convention estimaient pourtant que cette r\u00e9duction de 20 km\/h pourrait g\u00e9n\u00e9rer les avantages suivants\u00a0:<\/p><ul><li>R\u00e9duire de 20 % les \u00e9missions de gaz \u00e0 effet de serre en moyenne sur ces transports;<\/li><li>\u00c9conomiser 1,4 \u20ac par 100 km en moyenne sur le co\u00fbt des carburants (compte-tenu du prix des carburants en juin 2020);<\/li><li>Baisser la mortalit\u00e9 et les dommages corporels sur les routes;<\/li><li>Contribuer \u00e0 r\u00e9duire les bouchons.<\/li><\/ul><p>En contrepartie, un allongement mod\u00e9r\u00e9 des temps de trajets serait \u00e0 pr\u00e9voir : entre 4 et 8 minutes par heure.<\/p><p align=\"JUSTIFY\">M\u00eame si cette mesure n\u2019a pas \u00e9t\u00e9 retenue par l\u2019\u00e9tat, il reste \u00e0 chacun la possibilit\u00e9 de la mettre en \u0153uvre, d\u00e8s \u00e0 pr\u00e9sent, comme un choix d\u00e9lib\u00e9r\u00e9 et un comportement \u00e9co-citoyen assum\u00e9 et affich\u00e9.<\/p><p align=\"JUSTIFY\">La d\u00e9marche peut \u00eatre adopt\u00e9e par tout conducteur et aussi propos\u00e9e par les entreprises \u00e0 leurs collaborateurs ou mise en place pour l\u2019utilisation de leurs v\u00e9hicules de fonction.<\/p><p align=\"JUSTIFY\">Dans tous les cas elle gagnera \u00e0 se placer dans le cadre d\u2019une approche plus large d\u2019une \u00e9co-conduite appliqu\u00e9e \u00e0 l\u2019ensemble des situations que peuvent rencontrer les conducteurs, au-del\u00e0 de la seule conduite sur autoroute.<\/p>\t\t\t\t\t\t\t\t<\/div>\n\t\t\t\t<\/div>\n\t\t\t\t\t<\/div>\n\t\t<\/div>\n\t\t\t\t\t<\/div>\n\t\t<\/section>\n\t\t\t\t<section class=\"elementor-section elementor-top-section elementor-element elementor-element-5e74fec1 elementor-section-stretched elementor-section-boxed elementor-section-height-default elementor-section-height-default\" data-id=\"5e74fec1\" data-element_type=\"section\" data-e-type=\"section\" data-settings=\"{&quot;background_background&quot;:&quot;classic&quot;,&quot;stretch_section&quot;:&quot;section-stretched&quot;}\">\n\t\t\t\t\t\t<div class=\"elementor-container elementor-column-gap-default\">\n\t\t\t\t\t<div class=\"elementor-column elementor-col-100 elementor-top-column elementor-element elementor-element-2e7ce44a\" data-id=\"2e7ce44a\" data-element_type=\"column\" data-e-type=\"column\">\n\t\t\t<div class=\"elementor-widget-wrap elementor-element-populated\">\n\t\t\t\t\t\t<div class=\"elementor-element elementor-element-995365c elementor-widget elementor-widget-image\" data-id=\"995365c\" data-element_type=\"widget\" data-e-type=\"widget\" data-widget_type=\"image.default\">\n\t\t\t\t<div class=\"elementor-widget-container\">\n\t\t\t\t\t\t\t\t\t\t\t\t\t\t\t<img fetchpriority=\"high\" decoding=\"async\" width=\"300\" height=\"295\" src=\"https:\/\/entreprise-en-transition.fr\/wp-content\/uploads\/2022\/09\/110-Accelere-la-transition-300x295.png\" class=\"attachment-medium size-medium wp-image-1904\" alt=\"\" srcset=\"https:\/\/entreprise-en-transition.fr\/wp-content\/uploads\/2022\/09\/110-Accelere-la-transition-300x295.png 300w, https:\/\/entreprise-en-transition.fr\/wp-content\/uploads\/2022\/09\/110-Accelere-la-transition-1024x1009.png 1024w, https:\/\/entreprise-en-transition.fr\/wp-content\/uploads\/2022\/09\/110-Accelere-la-transition-768x756.png 768w, https:\/\/entreprise-en-transition.fr\/wp-content\/uploads\/2022\/09\/110-Accelere-la-transition-1536x1513.png 1536w, https:\/\/entreprise-en-transition.fr\/wp-content\/uploads\/2022\/09\/110-Accelere-la-transition-1200x1182.png 1200w, https:\/\/entreprise-en-transition.fr\/wp-content\/uploads\/2022\/09\/110-Accelere-la-transition.png 1855w\" sizes=\"(max-width: 300px) 85vw, 300px\" \/>\t\t\t\t\t\t\t\t\t\t\t\t\t\t\t<\/div>\n\t\t\t\t<\/div>\n\t\t\t\t\t<\/div>\n\t\t<\/div>\n\t\t\t\t\t<\/div>\n\t\t<\/section>\n\t\t\t\t<section class=\"elementor-section elementor-top-section elementor-element elementor-element-c5b916e elementor-section-boxed elementor-section-height-default elementor-section-height-default\" data-id=\"c5b916e\" data-element_type=\"section\" data-e-type=\"section\" data-settings=\"{&quot;background_background&quot;:&quot;classic&quot;}\">\n\t\t\t\t\t\t<div class=\"elementor-container elementor-column-gap-default\">\n\t\t\t\t\t<div class=\"elementor-column elementor-col-100 elementor-top-column elementor-element elementor-element-bfbe378\" data-id=\"bfbe378\" data-element_type=\"column\" data-e-type=\"column\" data-settings=\"{&quot;background_background&quot;:&quot;classic&quot;}\">\n\t\t\t<div class=\"elementor-widget-wrap elementor-element-populated\">\n\t\t\t\t\t\t<div class=\"elementor-element elementor-element-120d34d elementor-invisible elementor-widget elementor-widget-heading\" data-id=\"120d34d\" data-element_type=\"widget\" data-e-type=\"widget\" data-settings=\"{&quot;_animation&quot;:&quot;fadeInLeft&quot;,&quot;_animation_delay&quot;:&quot;500&quot;}\" data-widget_type=\"heading.default\">\n\t\t\t\t<div class=\"elementor-widget-container\">\n\t\t\t\t\t<h2 class=\"elementor-heading-title elementor-size-default\">Affichons notre volont\u00e9 d\u2019acc\u00e9l\u00e9rer la transition\u00a0:<\/h2>\t\t\t\t<\/div>\n\t\t\t\t<\/div>\n\t\t\t\t<div class=\"elementor-element elementor-element-d98f28e elementor-invisible elementor-widget elementor-widget-text-editor\" data-id=\"d98f28e\" data-element_type=\"widget\" data-e-type=\"widget\" data-settings=\"{&quot;_animation&quot;:&quot;fadeInLeft&quot;,&quot;_animation_delay&quot;:&quot;400&quot;}\" data-widget_type=\"text-editor.default\">\n\t\t\t\t<div class=\"elementor-widget-container\">\n\t\t\t\t\t\t\t\t\tPour informer les autres usagers de la route de votre d\u00e9marche, par souci de s\u00e9curit\u00e9 et pour les sensibiliser, nous vous proposons des affichettes \u00e0 t\u00e9l\u00e9charger et des autocollants ou magnets \u00e0 commander. <\/p>\nLes b\u00e9n\u00e9fices g\u00e9n\u00e9r\u00e9s par leur vente iront int\u00e9gralement au soutien de la d\u00e9marche Entreprise en Transition (soutien aux projets ou \u00e0 la formation de nouveaux intervenants, achat de mat\u00e9riel p\u00e9dagogique, etc.).<\/p>\t\t\t\t\t\t\t\t<\/div>\n\t\t\t\t<\/div>\n\t\t\t\t\t<\/div>\n\t\t<\/div>\n\t\t\t\t\t<\/div>\n\t\t<\/section>\n\t\t\t\t<section class=\"elementor-section elementor-top-section elementor-element elementor-element-229e999 elementor-section-boxed elementor-section-height-default elementor-section-height-default\" data-id=\"229e999\" data-element_type=\"section\" data-e-type=\"section\">\n\t\t\t\t\t\t<div class=\"elementor-container elementor-column-gap-default\">\n\t\t\t\t\t<div class=\"elementor-column elementor-col-100 elementor-top-column elementor-element elementor-element-30d0d3f\" data-id=\"30d0d3f\" data-element_type=\"column\" data-e-type=\"column\">\n\t\t\t<div class=\"elementor-widget-wrap elementor-element-populated\">\n\t\t\t\t\t\t<div class=\"elementor-element elementor-element-049054b elementor-invisible elementor-widget elementor-widget-heading\" data-id=\"049054b\" data-element_type=\"widget\" data-e-type=\"widget\" data-settings=\"{&quot;_animation&quot;:&quot;fadeInLeft&quot;,&quot;_animation_delay&quot;:&quot;500&quot;}\" data-widget_type=\"heading.default\">\n\t\t\t\t<div class=\"elementor-widget-container\">\n\t\t\t\t\t<h2 class=\"elementor-heading-title elementor-size-default\">Nos supports :<\/h2>\t\t\t\t<\/div>\n\t\t\t\t<\/div>\n\t\t\t\t\t<\/div>\n\t\t<\/div>\n\t\t\t\t\t<\/div>\n\t\t<\/section>\n\t\t\t\t<section class=\"elementor-section elementor-top-section elementor-element elementor-element-35f6249 elementor-section-boxed elementor-section-height-default elementor-section-height-default\" data-id=\"35f6249\" data-element_type=\"section\" data-e-type=\"section\">\n\t\t\t\t\t\t<div class=\"elementor-container elementor-column-gap-default\">\n\t\t\t\t\t<div class=\"elementor-column elementor-col-50 elementor-top-column elementor-element elementor-element-c58f784\" data-id=\"c58f784\" data-element_type=\"column\" data-e-type=\"column\">\n\t\t\t<div class=\"elementor-widget-wrap elementor-element-populated\">\n\t\t\t\t\t\t<div class=\"elementor-element elementor-element-1a14efa elementor-widget elementor-widget-image\" data-id=\"1a14efa\" data-element_type=\"widget\" data-e-type=\"widget\" data-widget_type=\"image.default\">\n\t\t\t\t<div class=\"elementor-widget-container\">\n\t\t\t\t\t\t\t\t\t\t\t\t\t\t\t<img decoding=\"async\" width=\"150\" height=\"150\" src=\"https:\/\/entreprise-en-transition.fr\/wp-content\/uploads\/2022\/09\/110-Accelere-la-transition-150x150.png\" class=\"attachment-thumbnail size-thumbnail wp-image-1904\" alt=\"\" \/>\t\t\t\t\t\t\t\t\t\t\t\t\t\t\t<\/div>\n\t\t\t\t<\/div>\n\t\t\t\t<div class=\"elementor-element elementor-element-c7743ae elementor-align-center elementor-widget elementor-widget-button\" data-id=\"c7743ae\" data-element_type=\"widget\" data-e-type=\"widget\" data-widget_type=\"button.default\">\n\t\t\t\t<div class=\"elementor-widget-container\">\n\t\t\t\t\t\t\t\t\t<div class=\"elementor-button-wrapper\">\n\t\t\t\t\t<a class=\"elementor-button elementor-button-link elementor-size-sm\" href=\"#\">\n\t\t\t\t\t\t<span class=\"elementor-button-content-wrapper\">\n\t\t\t\t\t\t\t\t\t<span class=\"elementor-button-text\">Commandez<\/span>\n\t\t\t\t\t<\/span>\n\t\t\t\t\t<\/a>\n\t\t\t\t<\/div>\n\t\t\t\t\t\t\t\t<\/div>\n\t\t\t\t<\/div>\n\t\t\t\t\t<\/div>\n\t\t<\/div>\n\t\t\t\t<div class=\"elementor-column elementor-col-50 elementor-top-column elementor-element elementor-element-31a455c\" data-id=\"31a455c\" data-element_type=\"column\" data-e-type=\"column\">\n\t\t\t<div class=\"elementor-widget-wrap elementor-element-populated\">\n\t\t\t\t\t\t<div class=\"elementor-element elementor-element-3c96930 elementor-widget elementor-widget-image\" data-id=\"3c96930\" data-element_type=\"widget\" data-e-type=\"widget\" data-widget_type=\"image.default\">\n\t\t\t\t<div class=\"elementor-widget-container\">\n\t\t\t\t\t\t\t\t\t\t\t\t\t\t\t<img decoding=\"async\" width=\"150\" height=\"150\" src=\"https:\/\/entreprise-en-transition.fr\/wp-content\/uploads\/2022\/09\/110-Accelere-la-transition-150x150.png\" class=\"attachment-thumbnail size-thumbnail wp-image-1904\" alt=\"\" \/>\t\t\t\t\t\t\t\t\t\t\t\t\t\t\t<\/div>\n\t\t\t\t<\/div>\n\t\t\t\t<div class=\"elementor-element elementor-element-7535edc elementor-align-center elementor-widget elementor-widget-button\" data-id=\"7535edc\" data-element_type=\"widget\" data-e-type=\"widget\" data-widget_type=\"button.default\">\n\t\t\t\t<div class=\"elementor-widget-container\">\n\t\t\t\t\t\t\t\t\t<div class=\"elementor-button-wrapper\">\n\t\t\t\t\t<a class=\"elementor-button elementor-button-link elementor-size-sm\" href=\"#\">\n\t\t\t\t\t\t<span class=\"elementor-button-content-wrapper\">\n\t\t\t\t\t\t\t\t\t<span class=\"elementor-button-text\">T\u00e9l\u00e9charger l'affiche<\/span>\n\t\t\t\t\t<\/span>\n\t\t\t\t\t<\/a>\n\t\t\t\t<\/div>\n\t\t\t\t\t\t\t\t<\/div>\n\t\t\t\t<\/div>\n\t\t\t\t\t<\/div>\n\t\t<\/div>\n\t\t\t\t\t<\/div>\n\t\t<\/section>\n\t\t\t\t<section class=\"elementor-section elementor-top-section elementor-element elementor-element-21bff35 elementor-section-boxed elementor-section-height-default elementor-section-height-default\" data-id=\"21bff35\" data-element_type=\"section\" data-e-type=\"section\">\n\t\t\t\t\t\t<div class=\"elementor-container elementor-column-gap-default\">\n\t\t\t\t\t<div class=\"elementor-column elementor-col-100 elementor-top-column elementor-element elementor-element-88934f7\" data-id=\"88934f7\" data-element_type=\"column\" data-e-type=\"column\">\n\t\t\t<div class=\"elementor-widget-wrap elementor-element-populated\">\n\t\t\t\t\t\t<div class=\"elementor-element elementor-element-8071c1d elementor-invisible elementor-widget elementor-widget-text-editor\" data-id=\"8071c1d\" data-element_type=\"widget\" data-e-type=\"widget\" data-settings=\"{&quot;_animation&quot;:&quot;fadeInLeft&quot;,&quot;_animation_delay&quot;:&quot;400&quot;}\" data-widget_type=\"text-editor.default\">\n\t\t\t\t<div class=\"elementor-widget-container\">\n\t\t\t\t\t\t\t\t\t<h2 style=\"text-align: center;\">Pour supports personnalis\u00e9s et fourniture de quantit\u00e9s\u00a0particuli\u00e8res, collectifs, associations, entreprises, institutions\u00a0:<\/h2>\t\t\t\t\t\t\t\t<\/div>\n\t\t\t\t<\/div>\n\t\t\t\t<div class=\"elementor-element elementor-element-d6e7db9 elementor-align-center elementor-mobile-align-justify elementor-invisible elementor-widget elementor-widget-button\" data-id=\"d6e7db9\" data-element_type=\"widget\" data-e-type=\"widget\" data-settings=\"{&quot;_animation&quot;:&quot;fadeInUp&quot;,&quot;_animation_delay&quot;:&quot;200&quot;}\" data-widget_type=\"button.default\">\n\t\t\t\t<div class=\"elementor-widget-container\">\n\t\t\t\t\t\t\t\t\t<div class=\"elementor-button-wrapper\">\n\t\t\t\t\t<a class=\"elementor-button elementor-button-link elementor-size-xl\" href=\"https:\/\/entreprise-en-transition.fr\/index.php\/contact\/\">\n\t\t\t\t\t\t<span class=\"elementor-button-content-wrapper\">\n\t\t\t\t\t\t\t\t\t<span class=\"elementor-button-text\">Nous contacter<\/span>\n\t\t\t\t\t<\/span>\n\t\t\t\t\t<\/a>\n\t\t\t\t<\/div>\n\t\t\t\t\t\t\t\t<\/div>\n\t\t\t\t<\/div>\n\t\t\t\t\t<\/div>\n\t\t<\/div>\n\t\t\t\t\t<\/div>\n\t\t<\/section>\n\t\t\t\t<\/div>\n\t\t","protected":false},"excerpt":{"rendered":"<p>R\u00e9duire notre vitesse \u00e0 110 km\/h, pour acc\u00e9l\u00e9rer la transition&nbsp;? La proposition de r\u00e9duire de 130 \u00e0 110km\/h la vitesse maximale sur les autoroutes fran\u00e7aises avait \u00e9t\u00e9 envisag\u00e9e par la Convention Citoyenne pour le Climat, constitu\u00e9e en octobre 2019. Parmi les pr\u00e8s de 150 propositions de la Convention, elle fait partie des 3 qui ont &hellip; <a href=\"https:\/\/entreprise-en-transition.fr\/index.php\/reduire-notre-vitesse-a-110-km-h-pour-accelerer-la-transition\/\" class=\"more-link\">Continuer la lecture<span class=\"screen-reader-text\"> de &laquo;&nbsp;R\u00e9duire notre vitesse \u00e0 110 km\/h, pour acc\u00e9l\u00e9rer la transition ?&nbsp;&raquo;<\/span><\/a><\/p>\n","protected":false},"author":2,"featured_media":0,"parent":0,"menu_order":0,"comment_status":"closed","ping_status":"closed","template":"elementor_header_footer","meta":{"footnotes":""},"class_list":["post-1332","page","type-page","status-publish","hentry"],"_links":{"self":[{"href":"https:\/\/entreprise-en-transition.fr\/index.php\/wp-json\/wp\/v2\/pages\/1332","targetHints":{"allow":["GET"]}}],"collection":[{"href":"https:\/\/entreprise-en-transition.fr\/index.php\/wp-json\/wp\/v2\/pages"}],"about":[{"href":"https:\/\/entreprise-en-transition.fr\/index.php\/wp-json\/wp\/v2\/types\/page"}],"author":[{"embeddable":true,"href":"https:\/\/entreprise-en-transition.fr\/index.php\/wp-json\/wp\/v2\/users\/2"}],"replies":[{"embeddable":true,"href":"https:\/\/entreprise-en-transition.fr\/index.php\/wp-json\/wp\/v2\/comments?post=1332"}],"version-history":[{"count":74,"href":"https:\/\/entreprise-en-transition.fr\/index.php\/wp-json\/wp\/v2\/pages\/1332\/revisions"}],"predecessor-version":[{"id":1948,"href":"https:\/\/entreprise-en-transition.fr\/index.php\/wp-json\/wp\/v2\/pages\/1332\/revisions\/1948"}],"wp:attachment":[{"href":"https:\/\/entreprise-en-transition.fr\/index.php\/wp-json\/wp\/v2\/media?parent=1332"}],"curies":[{"name":"wp","href":"https:\/\/api.w.org\/{rel}","templated":true}]}}