{"id":1496,"date":"2022-05-20T21:20:29","date_gmt":"2022-05-20T19:20:29","guid":{"rendered":"https:\/\/entreprise-en-transition.fr\/?page_id=1496"},"modified":"2022-11-18T14:45:34","modified_gmt":"2022-11-18T13:45:34","slug":"agir-maintenant","status":"publish","type":"page","link":"https:\/\/entreprise-en-transition.fr\/index.php\/agir-maintenant\/","title":{"rendered":"Agir maintenant"},"content":{"rendered":"\t\t<div data-elementor-type=\"wp-post\" data-elementor-id=\"1496\" class=\"elementor elementor-1496\" data-elementor-post-type=\"page\">\n\t\t\t\t\t\t<section class=\"elementor-section elementor-top-section elementor-element elementor-element-9a1559 elementor-section-height-min-height elementor-section-stretched elementor-section-boxed elementor-section-height-default elementor-section-items-middle\" data-id=\"9a1559\" data-element_type=\"section\" data-e-type=\"section\" data-settings=\"{&quot;background_background&quot;:&quot;classic&quot;,&quot;stretch_section&quot;:&quot;section-stretched&quot;}\">\n\t\t\t\t\t\t\t<div class=\"elementor-background-overlay\"><\/div>\n\t\t\t\t\t\t\t<div class=\"elementor-container elementor-column-gap-no\">\n\t\t\t\t\t<div class=\"elementor-column elementor-col-100 elementor-top-column elementor-element elementor-element-4ee70606\" data-id=\"4ee70606\" data-element_type=\"column\" data-e-type=\"column\">\n\t\t\t<div class=\"elementor-widget-wrap elementor-element-populated\">\n\t\t\t\t\t\t\t<\/div>\n\t\t<\/div>\n\t\t\t\t\t<\/div>\n\t\t<\/section>\n\t\t\t\t<section class=\"elementor-section elementor-top-section elementor-element elementor-element-354b3f8a elementor-section-boxed elementor-section-height-default elementor-section-height-default\" data-id=\"354b3f8a\" data-element_type=\"section\" data-e-type=\"section\" data-settings=\"{&quot;background_background&quot;:&quot;classic&quot;}\">\n\t\t\t\t\t\t<div class=\"elementor-container elementor-column-gap-default\">\n\t\t\t\t\t<div class=\"elementor-column elementor-col-100 elementor-top-column elementor-element elementor-element-5932235c\" data-id=\"5932235c\" data-element_type=\"column\" data-e-type=\"column\" data-settings=\"{&quot;background_background&quot;:&quot;classic&quot;}\">\n\t\t\t<div class=\"elementor-widget-wrap elementor-element-populated\">\n\t\t\t\t\t\t<div class=\"elementor-element elementor-element-341878c elementor-invisible elementor-widget elementor-widget-heading\" data-id=\"341878c\" data-element_type=\"widget\" data-e-type=\"widget\" data-settings=\"{&quot;_animation&quot;:&quot;fadeInLeft&quot;,&quot;_animation_delay&quot;:&quot;500&quot;}\" data-widget_type=\"heading.default\">\n\t\t\t\t<div class=\"elementor-widget-container\">\n\t\t\t\t\t<h2 class=\"elementor-heading-title elementor-size-default\">6 \u00e9co-d\u00e9fis pour acc\u00e9l\u00e9rer la Transition \u00e9cologique et solidaire&nbsp;!<\/h2>\t\t\t\t<\/div>\n\t\t\t\t<\/div>\n\t\t\t\t<div class=\"elementor-element elementor-element-53f79884 elementor-invisible elementor-widget elementor-widget-text-editor\" data-id=\"53f79884\" data-element_type=\"widget\" data-e-type=\"widget\" data-settings=\"{&quot;_animation&quot;:&quot;fadeInLeft&quot;,&quot;_animation_delay&quot;:&quot;400&quot;}\" data-widget_type=\"text-editor.default\">\n\t\t\t\t<div class=\"elementor-widget-container\">\n\t\t\t\t\t\t\t\t\t<p align=\"JUSTIFY\">Vous souhaitez mettre en \u0153uvre des actions concr\u00e8tes au sein de votre \u00e9cosyst\u00e8me professionnel (ou personnel), d\u00e8s maintenant\u00a0? Nous vous proposons une d\u00e9marche d\u2019une grande simplicit\u00e9 :<\/p><ul><li style=\"list-style-type: none;\"><ul><li>Vous choisissez la th\u00e9matique sur laquelle vous souhaitez agir, pendant une p\u00e9riode donn\u00e9e, parmi les 6 axes suivants\u00a0: \u00e9co-conduite, gestion des d\u00e9chets, biodiversit\u00e9, coop\u00e9ration, eau ou \u00e9nergie.<\/li><li>Quand c\u2019est possible, vous identifiez les conditions de d\u00e9part de l\u2019exp\u00e9rience (consommation habituelle de carburant, d\u2019eau, d\u2019\u00e9lectricit\u00e9 ou volume des d\u00e9chets par exemple).<\/li><li>Vous sensibilisez ensuite les acteurs de votre organisation au sujet du d\u00e9fi que vous leur proposez, lors d\u2019une rencontre ou d\u2019un \u00e9v\u00e9nement de lancement (visite inspirante ou conf\u00e9rence par exemple) ou tout simplement en leur diffusant la fiche p\u00e9dagogique contenue dans le kit.<\/li><li>Pour finir vous leur remettez les autocollants ou magnets \u00e0 placer sur les supports et aux endroits pertinents.<\/li><li>En cours d\u2019exp\u00e9rience et \u00e0 la fin de la p\u00e9riode d\u00e9finie, vous \u00e9valuez vos r\u00e9sultats (supports d\u2019\u00e9valuation fournis) et vous communiquez de fa\u00e7on r\u00e9guli\u00e8re sur les progr\u00e8s mesur\u00e9s.<\/li><li>Enfin, vous pouvez organiser un nouvel \u00e9v\u00e9nement pour communiquer sur vos r\u00e9ussites et c\u00e9l\u00e9brer les victoires obtenues.<\/li><\/ul><\/li><\/ul>\t\t\t\t\t\t\t\t<\/div>\n\t\t\t\t<\/div>\n\t\t\t\t<div class=\"elementor-element elementor-element-f8173db elementor-widget elementor-widget-image\" data-id=\"f8173db\" data-element_type=\"widget\" data-e-type=\"widget\" data-widget_type=\"image.default\">\n\t\t\t\t<div class=\"elementor-widget-container\">\n\t\t\t\t\t\t\t\t\t\t\t\t\t\t\t<img fetchpriority=\"high\" decoding=\"async\" width=\"768\" height=\"512\" src=\"https:\/\/entreprise-en-transition.fr\/wp-content\/uploads\/2022\/05\/man-standing-with-forward-direction-arrow-768x512.jpg\" class=\"attachment-medium_large size-medium_large wp-image-1520\" alt=\"Passer \u00e0 l&#039;action d\u00e8s maintenant !\" srcset=\"https:\/\/entreprise-en-transition.fr\/wp-content\/uploads\/2022\/05\/man-standing-with-forward-direction-arrow-768x512.jpg 768w, https:\/\/entreprise-en-transition.fr\/wp-content\/uploads\/2022\/05\/man-standing-with-forward-direction-arrow-300x200.jpg 300w, https:\/\/entreprise-en-transition.fr\/wp-content\/uploads\/2022\/05\/man-standing-with-forward-direction-arrow-1024x682.jpg 1024w, https:\/\/entreprise-en-transition.fr\/wp-content\/uploads\/2022\/05\/man-standing-with-forward-direction-arrow-1536x1024.jpg 1536w, https:\/\/entreprise-en-transition.fr\/wp-content\/uploads\/2022\/05\/man-standing-with-forward-direction-arrow-1200x800.jpg 1200w, https:\/\/entreprise-en-transition.fr\/wp-content\/uploads\/2022\/05\/man-standing-with-forward-direction-arrow.jpg 2000w\" sizes=\"(max-width: 768px) 85vw, 768px\" \/>\t\t\t\t\t\t\t\t\t\t\t\t\t\t\t<\/div>\n\t\t\t\t<\/div>\n\t\t\t\t<div class=\"elementor-element elementor-element-7993539 elementor-invisible elementor-widget elementor-widget-heading\" data-id=\"7993539\" data-element_type=\"widget\" data-e-type=\"widget\" data-settings=\"{&quot;_animation&quot;:&quot;fadeInLeft&quot;,&quot;_animation_delay&quot;:&quot;500&quot;}\" data-widget_type=\"heading.default\">\n\t\t\t\t<div class=\"elementor-widget-container\">\n\t\t\t\t\t<h2 class=\"elementor-heading-title elementor-size-default\">Passer \u00e0 l'action d\u00e8s maintenant !<\/h2>\t\t\t\t<\/div>\n\t\t\t\t<\/div>\n\t\t\t\t<div class=\"elementor-element elementor-element-f5752f1 elementor-invisible elementor-widget elementor-widget-text-editor\" data-id=\"f5752f1\" data-element_type=\"widget\" data-e-type=\"widget\" data-settings=\"{&quot;_animation&quot;:&quot;fadeInLeft&quot;,&quot;_animation_delay&quot;:&quot;400&quot;}\" data-widget_type=\"text-editor.default\">\n\t\t\t\t<div class=\"elementor-widget-container\">\n\t\t\t\t\t\t\t\t\t<p>Pour agir d\u00e8s aujourd&rsquo;hui, il suffit d\u2019un premier pas. Quel sera le v\u00f4tre ? Avec nos kits \u00e9co-d\u00e9fis, vous pouvez passer en tr\u00e8s peu de temps de l&rsquo;envie d&rsquo;agir aux actions concr\u00e8tes. Selon vos pr\u00e9f\u00e9rences et les possibilit\u00e9s de votre organisation vous pouvez commencer avec un seul d\u00e9fi ou en mener plusieurs de front dans diff\u00e9rentes \u00e9quipes.<\/p><p>Voici les diff\u00e9rents documents et supports qui vous permettront d\u2019inviter les utilisateurs de votre \u00e9cosyst\u00e8me professionnel (ou personnel) \u00e0 agir sans attendre, sur l&rsquo;un ou plusieurs des 6 axes suivants\u00a0:<\/p>\t\t\t\t\t\t\t\t<\/div>\n\t\t\t\t<\/div>\n\t\t\t\t\t<\/div>\n\t\t<\/div>\n\t\t\t\t\t<\/div>\n\t\t<\/section>\n\t\t\t\t<section class=\"elementor-section elementor-top-section elementor-element elementor-element-d1ce2a7 elementor-section-stretched elementor-section-boxed elementor-section-height-default elementor-section-height-default\" data-id=\"d1ce2a7\" data-element_type=\"section\" data-e-type=\"section\" data-settings=\"{&quot;background_background&quot;:&quot;classic&quot;,&quot;stretch_section&quot;:&quot;section-stretched&quot;}\">\n\t\t\t\t\t\t<div class=\"elementor-container elementor-column-gap-default\">\n\t\t\t\t\t<div class=\"elementor-column elementor-col-50 elementor-top-column elementor-element elementor-element-4c106c4\" data-id=\"4c106c4\" data-element_type=\"column\" data-e-type=\"column\" data-settings=\"{&quot;background_background&quot;:&quot;classic&quot;}\">\n\t\t\t<div class=\"elementor-widget-wrap\">\n\t\t\t\t\t<div class=\"elementor-background-overlay\"><\/div>\n\t\t\t\t\t\t\t<\/div>\n\t\t<\/div>\n\t\t\t\t<div class=\"elementor-column elementor-col-50 elementor-top-column elementor-element elementor-element-bb55ca4\" data-id=\"bb55ca4\" data-element_type=\"column\" data-e-type=\"column\" data-settings=\"{&quot;background_background&quot;:&quot;classic&quot;}\">\n\t\t\t<div class=\"elementor-widget-wrap elementor-element-populated\">\n\t\t\t\t\t<div class=\"elementor-background-overlay\"><\/div>\n\t\t\t\t\t\t<div class=\"elementor-element elementor-element-8c9cd2f elementor-invisible elementor-widget elementor-widget-heading\" data-id=\"8c9cd2f\" data-element_type=\"widget\" data-e-type=\"widget\" data-settings=\"{&quot;_animation&quot;:&quot;fadeInLeft&quot;,&quot;_animation_delay&quot;:&quot;500&quot;}\" data-widget_type=\"heading.default\">\n\t\t\t\t<div class=\"elementor-widget-container\">\n\t\t\t\t\t<h2 class=\"elementor-heading-title elementor-size-default\">J\u2019acc\u00e9l\u00e8re la Transition en changeant de conduite !<\/h2>\t\t\t\t<\/div>\n\t\t\t\t<\/div>\n\t\t\t\t<div class=\"elementor-element elementor-element-222cfa38 elementor-widget elementor-widget-text-editor\" data-id=\"222cfa38\" data-element_type=\"widget\" data-e-type=\"widget\" data-widget_type=\"text-editor.default\">\n\t\t\t\t<div class=\"elementor-widget-container\">\n\t\t\t\t\t\t\t\t\t<p>D\u00e9fi N\u00b01 : et si nous adoptions une \u00e9co-conduite, pour acc\u00e9l\u00e9rer la Transition&nbsp;?<\/p>\t\t\t\t\t\t\t\t<\/div>\n\t\t\t\t<\/div>\n\t\t\t\t<div class=\"elementor-element elementor-element-e68ca92 elementor-align-center elementor-widget elementor-widget-button\" data-id=\"e68ca92\" data-element_type=\"widget\" data-e-type=\"widget\" data-widget_type=\"button.default\">\n\t\t\t\t<div class=\"elementor-widget-container\">\n\t\t\t\t\t\t\t\t\t<div class=\"elementor-button-wrapper\">\n\t\t\t\t\t<a class=\"elementor-button elementor-button-link elementor-size-md\" href=\"https:\/\/entreprise-en-transition.fr\/index.php\/reduire-notre-vitesse-a-110-km-h-pour-accelerer-la-transition\/\">\n\t\t\t\t\t\t<span class=\"elementor-button-content-wrapper\">\n\t\t\t\t\t\t\t\t\t<span class=\"elementor-button-text\">En savoir plus<\/span>\n\t\t\t\t\t<\/span>\n\t\t\t\t\t<\/a>\n\t\t\t\t<\/div>\n\t\t\t\t\t\t\t\t<\/div>\n\t\t\t\t<\/div>\n\t\t\t\t\t<\/div>\n\t\t<\/div>\n\t\t\t\t\t<\/div>\n\t\t<\/section>\n\t\t\t\t<section class=\"elementor-section elementor-top-section elementor-element elementor-element-464b242 elementor-section-height-min-height elementor-section-boxed elementor-section-height-default elementor-section-items-middle\" data-id=\"464b242\" data-element_type=\"section\" data-e-type=\"section\" data-settings=\"{&quot;background_background&quot;:&quot;classic&quot;}\">\n\t\t\t\t\t\t<div class=\"elementor-container elementor-column-gap-default\">\n\t\t\t\t\t<div class=\"elementor-column elementor-col-50 elementor-top-column elementor-element elementor-element-834a42e\" data-id=\"834a42e\" data-element_type=\"column\" data-e-type=\"column\" data-settings=\"{&quot;background_background&quot;:&quot;classic&quot;}\">\n\t\t\t<div class=\"elementor-widget-wrap elementor-element-populated\">\n\t\t\t\t\t\t<div class=\"elementor-element elementor-element-bf4196f elementor-invisible elementor-widget elementor-widget-heading\" data-id=\"bf4196f\" data-element_type=\"widget\" data-e-type=\"widget\" data-settings=\"{&quot;_animation&quot;:&quot;fadeInLeft&quot;,&quot;_animation_delay&quot;:&quot;500&quot;}\" data-widget_type=\"heading.default\">\n\t\t\t\t<div class=\"elementor-widget-container\">\n\t\t\t\t\t<h2 class=\"elementor-heading-title elementor-size-default\">Une d\u00e9marche en 3 R pour faire face \u00e0 l\u2019\u00e9norme probl\u00e9matique des d\u00e9chets<\/h2>\t\t\t\t<\/div>\n\t\t\t\t<\/div>\n\t\t\t\t<div class=\"elementor-element elementor-element-f407494 elementor-widget elementor-widget-text-editor\" data-id=\"f407494\" data-element_type=\"widget\" data-e-type=\"widget\" data-widget_type=\"text-editor.default\">\n\t\t\t\t<div class=\"elementor-widget-container\">\n\t\t\t\t\t\t\t\t\t<p>D\u00e9fi N\u00b0 2 : r\u00e9duisons, r\u00e9utilisons, recyclons nos d\u00e9chets pour am\u00e9liorer notre impact environnemental<\/p>\t\t\t\t\t\t\t\t<\/div>\n\t\t\t\t<\/div>\n\t\t\t\t<div class=\"elementor-element elementor-element-256da03 elementor-align-center elementor-widget elementor-widget-button\" data-id=\"256da03\" data-element_type=\"widget\" data-e-type=\"widget\" data-widget_type=\"button.default\">\n\t\t\t\t<div class=\"elementor-widget-container\">\n\t\t\t\t\t\t\t\t\t<div class=\"elementor-button-wrapper\">\n\t\t\t\t\t<a class=\"elementor-button elementor-button-link elementor-size-md\" href=\"https:\/\/entreprise-en-transition.fr\/index.php\/une-demarche-en-3-r-pour-faire-face-a-lenorme-problematique-des-dechets\">\n\t\t\t\t\t\t<span class=\"elementor-button-content-wrapper\">\n\t\t\t\t\t\t\t\t\t<span class=\"elementor-button-text\">En savoir plus<\/span>\n\t\t\t\t\t<\/span>\n\t\t\t\t\t<\/a>\n\t\t\t\t<\/div>\n\t\t\t\t\t\t\t\t<\/div>\n\t\t\t\t<\/div>\n\t\t\t\t\t<\/div>\n\t\t<\/div>\n\t\t\t\t<div class=\"elementor-column elementor-col-50 elementor-top-column elementor-element elementor-element-1e93010\" data-id=\"1e93010\" data-element_type=\"column\" data-e-type=\"column\" data-settings=\"{&quot;background_background&quot;:&quot;classic&quot;}\">\n\t\t\t<div class=\"elementor-widget-wrap\">\n\t\t\t\t\t\t\t<\/div>\n\t\t<\/div>\n\t\t\t\t\t<\/div>\n\t\t<\/section>\n\t\t\t\t<section class=\"elementor-section elementor-top-section elementor-element elementor-element-85d7812 elementor-section-boxed elementor-section-height-default elementor-section-height-default\" data-id=\"85d7812\" data-element_type=\"section\" data-e-type=\"section\" data-settings=\"{&quot;background_background&quot;:&quot;classic&quot;}\">\n\t\t\t\t\t\t<div class=\"elementor-container elementor-column-gap-default\">\n\t\t\t\t\t<div class=\"elementor-column elementor-col-50 elementor-top-column elementor-element elementor-element-a1e03e9\" data-id=\"a1e03e9\" data-element_type=\"column\" data-e-type=\"column\" data-settings=\"{&quot;background_background&quot;:&quot;classic&quot;}\">\n\t\t\t<div class=\"elementor-widget-wrap\">\n\t\t\t\t\t\t\t<\/div>\n\t\t<\/div>\n\t\t\t\t<div class=\"elementor-column elementor-col-50 elementor-top-column elementor-element elementor-element-37e2382\" data-id=\"37e2382\" data-element_type=\"column\" data-e-type=\"column\" data-settings=\"{&quot;background_background&quot;:&quot;classic&quot;}\">\n\t\t\t<div class=\"elementor-widget-wrap elementor-element-populated\">\n\t\t\t\t\t\t<div class=\"elementor-element elementor-element-3382514 elementor-invisible elementor-widget elementor-widget-heading\" data-id=\"3382514\" data-element_type=\"widget\" data-e-type=\"widget\" data-settings=\"{&quot;_animation&quot;:&quot;fadeInLeft&quot;,&quot;_animation_delay&quot;:&quot;500&quot;}\" data-widget_type=\"heading.default\">\n\t\t\t\t<div class=\"elementor-widget-container\">\n\t\t\t\t\t<h2 class=\"elementor-heading-title elementor-size-default\">J\u2019acc\u00e9l\u00e8re la Transition en prenant soin de la biodiversit\u00e9<\/h2>\t\t\t\t<\/div>\n\t\t\t\t<\/div>\n\t\t\t\t<div class=\"elementor-element elementor-element-c844363 elementor-widget elementor-widget-text-editor\" data-id=\"c844363\" data-element_type=\"widget\" data-e-type=\"widget\" data-widget_type=\"text-editor.default\">\n\t\t\t\t<div class=\"elementor-widget-container\">\n\t\t\t\t\t\t\t\t\t<p>D\u00e9fi N\u00b03 : et si nous prenions soin des espaces naturels, de la faune et de la flore ?<\/p>\t\t\t\t\t\t\t\t<\/div>\n\t\t\t\t<\/div>\n\t\t\t\t<div class=\"elementor-element elementor-element-1b7dfc3 elementor-align-center elementor-widget elementor-widget-button\" data-id=\"1b7dfc3\" data-element_type=\"widget\" data-e-type=\"widget\" data-widget_type=\"button.default\">\n\t\t\t\t<div class=\"elementor-widget-container\">\n\t\t\t\t\t\t\t\t\t<div class=\"elementor-button-wrapper\">\n\t\t\t\t\t<a class=\"elementor-button elementor-button-link elementor-size-md\" href=\"https:\/\/entreprise-en-transition.fr\/index.php\/et-si-nous-prenions-soin-de-la-biodiversite-pour-accelerer-la-transition\/\">\n\t\t\t\t\t\t<span class=\"elementor-button-content-wrapper\">\n\t\t\t\t\t\t\t\t\t<span class=\"elementor-button-text\">En savoir plus<\/span>\n\t\t\t\t\t<\/span>\n\t\t\t\t\t<\/a>\n\t\t\t\t<\/div>\n\t\t\t\t\t\t\t\t<\/div>\n\t\t\t\t<\/div>\n\t\t\t\t\t<\/div>\n\t\t<\/div>\n\t\t\t\t\t<\/div>\n\t\t<\/section>\n\t\t\t\t<section class=\"elementor-section elementor-top-section elementor-element elementor-element-a8521f8 elementor-section-height-min-height elementor-section-boxed elementor-section-height-default elementor-section-items-middle\" data-id=\"a8521f8\" data-element_type=\"section\" data-e-type=\"section\" data-settings=\"{&quot;background_background&quot;:&quot;classic&quot;}\">\n\t\t\t\t\t\t<div class=\"elementor-container elementor-column-gap-default\">\n\t\t\t\t\t<div class=\"elementor-column elementor-col-50 elementor-top-column elementor-element elementor-element-7644135\" data-id=\"7644135\" data-element_type=\"column\" data-e-type=\"column\" data-settings=\"{&quot;background_background&quot;:&quot;classic&quot;}\">\n\t\t\t<div class=\"elementor-widget-wrap elementor-element-populated\">\n\t\t\t\t\t\t<div class=\"elementor-element elementor-element-dc53fc0 elementor-invisible elementor-widget elementor-widget-heading\" data-id=\"dc53fc0\" data-element_type=\"widget\" data-e-type=\"widget\" data-settings=\"{&quot;_animation&quot;:&quot;fadeInLeft&quot;,&quot;_animation_delay&quot;:&quot;500&quot;}\" data-widget_type=\"heading.default\">\n\t\t\t\t<div class=\"elementor-widget-container\">\n\t\t\t\t\t<h2 class=\"elementor-heading-title elementor-size-default\">J\u2019acc\u00e9l\u00e8re la Transition en renfor\u00e7ant la coop\u00e9ration<\/h2>\t\t\t\t<\/div>\n\t\t\t\t<\/div>\n\t\t\t\t<div class=\"elementor-element elementor-element-1dc504d elementor-widget elementor-widget-text-editor\" data-id=\"1dc504d\" data-element_type=\"widget\" data-e-type=\"widget\" data-widget_type=\"text-editor.default\">\n\t\t\t\t<div class=\"elementor-widget-container\">\n\t\t\t\t\t\t\t\t\t<p>D\u00e9fi N\u00b0 4 : et si nous utilisions toutes les ressources de la coop\u00e9ration pour des actions plus d&rsquo;efficaces ?<\/p>\t\t\t\t\t\t\t\t<\/div>\n\t\t\t\t<\/div>\n\t\t\t\t<div class=\"elementor-element elementor-element-51317bf elementor-align-center elementor-widget elementor-widget-button\" data-id=\"51317bf\" data-element_type=\"widget\" data-e-type=\"widget\" data-widget_type=\"button.default\">\n\t\t\t\t<div class=\"elementor-widget-container\">\n\t\t\t\t\t\t\t\t\t<div class=\"elementor-button-wrapper\">\n\t\t\t\t\t<a class=\"elementor-button elementor-button-link elementor-size-md\" href=\"https:\/\/entreprise-en-transition.fr\/index.php\/renforcer-la-cooperation-pour-accelerer-la-transition\/\">\n\t\t\t\t\t\t<span class=\"elementor-button-content-wrapper\">\n\t\t\t\t\t\t\t\t\t<span class=\"elementor-button-text\">En savoir plus<\/span>\n\t\t\t\t\t<\/span>\n\t\t\t\t\t<\/a>\n\t\t\t\t<\/div>\n\t\t\t\t\t\t\t\t<\/div>\n\t\t\t\t<\/div>\n\t\t\t\t\t<\/div>\n\t\t<\/div>\n\t\t\t\t<div class=\"elementor-column elementor-col-50 elementor-top-column elementor-element elementor-element-487d258\" data-id=\"487d258\" data-element_type=\"column\" data-e-type=\"column\" data-settings=\"{&quot;background_background&quot;:&quot;classic&quot;}\">\n\t\t\t<div class=\"elementor-widget-wrap\">\n\t\t\t\t\t\t\t<\/div>\n\t\t<\/div>\n\t\t\t\t\t<\/div>\n\t\t<\/section>\n\t\t\t\t<section class=\"elementor-section elementor-top-section elementor-element elementor-element-8b00d1e elementor-section-boxed elementor-section-height-default elementor-section-height-default\" data-id=\"8b00d1e\" data-element_type=\"section\" data-e-type=\"section\" data-settings=\"{&quot;background_background&quot;:&quot;classic&quot;}\">\n\t\t\t\t\t\t<div class=\"elementor-container elementor-column-gap-default\">\n\t\t\t\t\t<div class=\"elementor-column elementor-col-50 elementor-top-column elementor-element elementor-element-4f729f2\" data-id=\"4f729f2\" data-element_type=\"column\" data-e-type=\"column\" data-settings=\"{&quot;background_background&quot;:&quot;classic&quot;}\">\n\t\t\t<div class=\"elementor-widget-wrap\">\n\t\t\t\t\t\t\t<\/div>\n\t\t<\/div>\n\t\t\t\t<div class=\"elementor-column elementor-col-50 elementor-top-column elementor-element elementor-element-4c3b9b1\" data-id=\"4c3b9b1\" data-element_type=\"column\" data-e-type=\"column\" data-settings=\"{&quot;background_background&quot;:&quot;classic&quot;}\">\n\t\t\t<div class=\"elementor-widget-wrap elementor-element-populated\">\n\t\t\t\t\t\t<div class=\"elementor-element elementor-element-3f5e0a7 elementor-invisible elementor-widget elementor-widget-heading\" data-id=\"3f5e0a7\" data-element_type=\"widget\" data-e-type=\"widget\" data-settings=\"{&quot;_animation&quot;:&quot;fadeInLeft&quot;,&quot;_animation_delay&quot;:&quot;500&quot;}\" data-widget_type=\"heading.default\">\n\t\t\t\t<div class=\"elementor-widget-container\">\n\t\t\t\t\t<h2 class=\"elementor-heading-title elementor-size-default\">J\u2019acc\u00e9l\u00e8re la Transition en prenant soin de l\u2019eau&nbsp;<\/h2>\t\t\t\t<\/div>\n\t\t\t\t<\/div>\n\t\t\t\t<div class=\"elementor-element elementor-element-25e268a elementor-widget elementor-widget-text-editor\" data-id=\"25e268a\" data-element_type=\"widget\" data-e-type=\"widget\" data-widget_type=\"text-editor.default\">\n\t\t\t\t<div class=\"elementor-widget-container\">\n\t\t\t\t\t\t\t\t\t<p>D\u00e9fi N\u00b05 : et si nous apprenions \u00e0 consid\u00e9rer l&rsquo;eau comme une ressource importante \u00e0 pr\u00e9server ?<\/p>\t\t\t\t\t\t\t\t<\/div>\n\t\t\t\t<\/div>\n\t\t\t\t<div class=\"elementor-element elementor-element-093424f elementor-align-center elementor-widget elementor-widget-button\" data-id=\"093424f\" data-element_type=\"widget\" data-e-type=\"widget\" data-widget_type=\"button.default\">\n\t\t\t\t<div class=\"elementor-widget-container\">\n\t\t\t\t\t\t\t\t\t<div class=\"elementor-button-wrapper\">\n\t\t\t\t\t<a class=\"elementor-button elementor-button-link elementor-size-md\" href=\"https:\/\/entreprise-en-transition.fr\/index.php\/et-si-nous-prenions-soin-de-leau-pour-accelerer-la-transition\">\n\t\t\t\t\t\t<span class=\"elementor-button-content-wrapper\">\n\t\t\t\t\t\t\t\t\t<span class=\"elementor-button-text\">En savoir plus<\/span>\n\t\t\t\t\t<\/span>\n\t\t\t\t\t<\/a>\n\t\t\t\t<\/div>\n\t\t\t\t\t\t\t\t<\/div>\n\t\t\t\t<\/div>\n\t\t\t\t\t<\/div>\n\t\t<\/div>\n\t\t\t\t\t<\/div>\n\t\t<\/section>\n\t\t\t\t<section class=\"elementor-section elementor-top-section elementor-element elementor-element-48195f4 elementor-section-height-min-height elementor-section-boxed elementor-section-height-default elementor-section-items-middle\" data-id=\"48195f4\" data-element_type=\"section\" data-e-type=\"section\" data-settings=\"{&quot;background_background&quot;:&quot;classic&quot;}\">\n\t\t\t\t\t\t<div class=\"elementor-container elementor-column-gap-default\">\n\t\t\t\t\t<div class=\"elementor-column elementor-col-50 elementor-top-column elementor-element elementor-element-c126e01\" data-id=\"c126e01\" data-element_type=\"column\" data-e-type=\"column\" data-settings=\"{&quot;background_background&quot;:&quot;classic&quot;}\">\n\t\t\t<div class=\"elementor-widget-wrap elementor-element-populated\">\n\t\t\t\t\t\t<div class=\"elementor-element elementor-element-1d8f8b2 elementor-invisible elementor-widget elementor-widget-heading\" data-id=\"1d8f8b2\" data-element_type=\"widget\" data-e-type=\"widget\" data-settings=\"{&quot;_animation&quot;:&quot;fadeInLeft&quot;,&quot;_animation_delay&quot;:&quot;500&quot;}\" data-widget_type=\"heading.default\">\n\t\t\t\t<div class=\"elementor-widget-container\">\n\t\t\t\t\t<h2 class=\"elementor-heading-title elementor-size-default\">J\u2019acc\u00e9l\u00e8re la Transition en modifiant ma consommation d\u2019\u00e9nergie<\/h2>\t\t\t\t<\/div>\n\t\t\t\t<\/div>\n\t\t\t\t<div class=\"elementor-element elementor-element-f757e1a elementor-widget elementor-widget-text-editor\" data-id=\"f757e1a\" data-element_type=\"widget\" data-e-type=\"widget\" data-widget_type=\"text-editor.default\">\n\t\t\t\t<div class=\"elementor-widget-container\">\n\t\t\t\t\t\t\t\t\t<p>D\u00e9fi N\u00b0 6 : r\u00e9duisons notre consommation d&rsquo;\u00e9nergie pour am\u00e9liorer notre impact environnemental\u00a0<\/p>\t\t\t\t\t\t\t\t<\/div>\n\t\t\t\t<\/div>\n\t\t\t\t<div class=\"elementor-element elementor-element-66cb157 elementor-align-center elementor-widget elementor-widget-button\" data-id=\"66cb157\" data-element_type=\"widget\" data-e-type=\"widget\" data-widget_type=\"button.default\">\n\t\t\t\t<div class=\"elementor-widget-container\">\n\t\t\t\t\t\t\t\t\t<div class=\"elementor-button-wrapper\">\n\t\t\t\t\t<a class=\"elementor-button elementor-button-link elementor-size-md\" href=\"https:\/\/entreprise-en-transition.fr\/index.php\/et-si-nous-reduisions-notre-consommation-denergie-pour-accelerer-la-transition\/\">\n\t\t\t\t\t\t<span class=\"elementor-button-content-wrapper\">\n\t\t\t\t\t\t\t\t\t<span class=\"elementor-button-text\">En savoir plus<\/span>\n\t\t\t\t\t<\/span>\n\t\t\t\t\t<\/a>\n\t\t\t\t<\/div>\n\t\t\t\t\t\t\t\t<\/div>\n\t\t\t\t<\/div>\n\t\t\t\t\t<\/div>\n\t\t<\/div>\n\t\t\t\t<div class=\"elementor-column elementor-col-50 elementor-top-column elementor-element elementor-element-73af981\" data-id=\"73af981\" data-element_type=\"column\" data-e-type=\"column\" data-settings=\"{&quot;background_background&quot;:&quot;classic&quot;}\">\n\t\t\t<div class=\"elementor-widget-wrap\">\n\t\t\t\t\t\t\t<\/div>\n\t\t<\/div>\n\t\t\t\t\t<\/div>\n\t\t<\/section>\n\t\t\t\t<\/div>\n\t\t","protected":false},"excerpt":{"rendered":"<p>6 \u00e9co-d\u00e9fis pour acc\u00e9l\u00e9rer la Transition \u00e9cologique et solidaire&nbsp;! Vous souhaitez mettre en \u0153uvre des actions concr\u00e8tes au sein de votre \u00e9cosyst\u00e8me professionnel (ou personnel), d\u00e8s maintenant\u00a0? Nous vous proposons une d\u00e9marche d\u2019une grande simplicit\u00e9 : Vous choisissez la th\u00e9matique sur laquelle vous souhaitez agir, pendant une p\u00e9riode donn\u00e9e, parmi les 6 axes suivants\u00a0: \u00e9co-conduite, &hellip; <a href=\"https:\/\/entreprise-en-transition.fr\/index.php\/agir-maintenant\/\" class=\"more-link\">Continuer la lecture<span class=\"screen-reader-text\"> de &laquo;&nbsp;Agir maintenant&nbsp;&raquo;<\/span><\/a><\/p>\n","protected":false},"author":2,"featured_media":0,"parent":0,"menu_order":0,"comment_status":"closed","ping_status":"closed","template":"elementor_header_footer","meta":{"footnotes":""},"class_list":["post-1496","page","type-page","status-publish","hentry"],"_links":{"self":[{"href":"https:\/\/entreprise-en-transition.fr\/index.php\/wp-json\/wp\/v2\/pages\/1496","targetHints":{"allow":["GET"]}}],"collection":[{"href":"https:\/\/entreprise-en-transition.fr\/index.php\/wp-json\/wp\/v2\/pages"}],"about":[{"href":"https:\/\/entreprise-en-transition.fr\/index.php\/wp-json\/wp\/v2\/types\/page"}],"author":[{"embeddable":true,"href":"https:\/\/entreprise-en-transition.fr\/index.php\/wp-json\/wp\/v2\/users\/2"}],"replies":[{"embeddable":true,"href":"https:\/\/entreprise-en-transition.fr\/index.php\/wp-json\/wp\/v2\/comments?post=1496"}],"version-history":[{"count":149,"href":"https:\/\/entreprise-en-transition.fr\/index.php\/wp-json\/wp\/v2\/pages\/1496\/revisions"}],"predecessor-version":[{"id":2124,"href":"https:\/\/entreprise-en-transition.fr\/index.php\/wp-json\/wp\/v2\/pages\/1496\/revisions\/2124"}],"wp:attachment":[{"href":"https:\/\/entreprise-en-transition.fr\/index.php\/wp-json\/wp\/v2\/media?parent=1496"}],"curies":[{"name":"wp","href":"https:\/\/api.w.org\/{rel}","templated":true}]}}