{"id":3281,"date":"2023-06-17T12:09:27","date_gmt":"2023-06-17T10:09:27","guid":{"rendered":"https:\/\/entreprise-en-transition.fr\/?page_id=3281"},"modified":"2023-06-19T21:40:15","modified_gmt":"2023-06-19T19:40:15","slug":"eco-defis-eco-conduite","status":"publish","type":"page","link":"https:\/\/entreprise-en-transition.fr\/index.php\/eco-defis-eco-conduite\/","title":{"rendered":"Eco d\u00e9fi \u00e9co-conduite !"},"content":{"rendered":"\t\t<div data-elementor-type=\"wp-page\" data-elementor-id=\"3281\" class=\"elementor elementor-3281\" data-elementor-post-type=\"page\">\n\t\t\t\t\t\t<section class=\"elementor-section elementor-top-section elementor-element elementor-element-653ce61 elementor-section-boxed elementor-section-height-default elementor-section-height-default\" data-id=\"653ce61\" data-element_type=\"section\" data-e-type=\"section\">\n\t\t\t\t\t\t<div class=\"elementor-container elementor-column-gap-default\">\n\t\t\t\t\t<div class=\"elementor-column elementor-col-100 elementor-top-column elementor-element elementor-element-e76a0f9\" data-id=\"e76a0f9\" data-element_type=\"column\" data-e-type=\"column\">\n\t\t\t<div class=\"elementor-widget-wrap elementor-element-populated\">\n\t\t\t\t\t\t<div class=\"elementor-element elementor-element-a49e2d4 elementor-widget elementor-widget-heading\" data-id=\"a49e2d4\" data-element_type=\"widget\" data-e-type=\"widget\" data-widget_type=\"heading.default\">\n\t\t\t\t<div class=\"elementor-widget-container\">\n\t\t\t\t\t<h2 class=\"elementor-heading-title elementor-size-default\">De d\u00e9but juillet \u00e0 fin septembre !  C\u2019est Mat\u2019\u00e9co <\/h2>\t\t\t\t<\/div>\n\t\t\t\t<\/div>\n\t\t\t\t<div class=\"elementor-element elementor-element-0d741f1 elementor-widget elementor-widget-text-editor\" data-id=\"0d741f1\" data-element_type=\"widget\" data-e-type=\"widget\" data-widget_type=\"text-editor.default\">\n\t\t\t\t<div class=\"elementor-widget-container\">\n\t\t\t\t\t\t\t\t\t<p>Pour participer, rapprochez-vous de la Sage-Femme Coordinatrice de votre \u00e9quipe. Pour d\u00e9couvrir la pr\u00e9sentation de l\u2019\u00e9co d\u00e9fi et des conseils pour y participer, t\u00e9l\u00e9chargez les documents ci-dessous.\u00a0<\/p>\t\t\t\t\t\t\t\t<\/div>\n\t\t\t\t<\/div>\n\t\t\t\t\t<\/div>\n\t\t<\/div>\n\t\t\t\t\t<\/div>\n\t\t<\/section>\n\t\t\t\t<section class=\"elementor-section elementor-top-section elementor-element elementor-element-f1bafd7 elementor-section-boxed elementor-section-height-default elementor-section-height-default\" data-id=\"f1bafd7\" data-element_type=\"section\" data-e-type=\"section\">\n\t\t\t\t\t\t<div class=\"elementor-container elementor-column-gap-default\">\n\t\t\t\t\t<div class=\"elementor-column elementor-col-50 elementor-top-column elementor-element elementor-element-9db0055\" data-id=\"9db0055\" data-element_type=\"column\" data-e-type=\"column\">\n\t\t\t<div class=\"elementor-widget-wrap elementor-element-populated\">\n\t\t\t\t\t\t<div class=\"elementor-element elementor-element-f7fcb39 elementor-widget elementor-widget-image\" data-id=\"f7fcb39\" data-element_type=\"widget\" data-e-type=\"widget\" data-widget_type=\"image.default\">\n\t\t\t\t<div class=\"elementor-widget-container\">\n\t\t\t\t\t\t\t\t\t\t\t\t\t\t\t<img decoding=\"async\" src=\"https:\/\/entreprise-en-transition.fr\/wp-content\/uploads\/2023\/06\/Eco-defi-eco-conduite-Mateco-1_07.pdf\" title=\"\" alt=\"\" loading=\"lazy\" \/>\t\t\t\t\t\t\t\t\t\t\t\t\t\t\t<\/div>\n\t\t\t\t<\/div>\n\t\t\t\t<div class=\"elementor-element elementor-element-95a35d6 elementor-align-center elementor-widget elementor-widget-button\" data-id=\"95a35d6\" data-element_type=\"widget\" data-e-type=\"widget\" data-widget_type=\"button.default\">\n\t\t\t\t<div class=\"elementor-widget-container\">\n\t\t\t\t\t\t\t\t\t<div class=\"elementor-button-wrapper\">\n\t\t\t\t\t<a class=\"elementor-button elementor-button-link elementor-size-sm\" href=\"https:\/\/entreprise-en-transition.fr\/wp-content\/uploads\/2023\/06\/Eco-defi-eco-conduite-Mateco-1_07.pdf\" download=\"\">\n\t\t\t\t\t\t<span class=\"elementor-button-content-wrapper\">\n\t\t\t\t\t\t\t\t\t<span class=\"elementor-button-text\">T\u00e9l\u00e9charger la pr\u00e9sentation<\/span>\n\t\t\t\t\t<\/span>\n\t\t\t\t\t<\/a>\n\t\t\t\t<\/div>\n\t\t\t\t\t\t\t\t<\/div>\n\t\t\t\t<\/div>\n\t\t\t\t\t<\/div>\n\t\t<\/div>\n\t\t\t\t<div class=\"elementor-column elementor-col-50 elementor-top-column elementor-element elementor-element-bccaf2e\" data-id=\"bccaf2e\" data-element_type=\"column\" data-e-type=\"column\">\n\t\t\t<div class=\"elementor-widget-wrap elementor-element-populated\">\n\t\t\t\t\t\t<div class=\"elementor-element elementor-element-3de6eb6 elementor-widget elementor-widget-image\" data-id=\"3de6eb6\" data-element_type=\"widget\" data-e-type=\"widget\" data-widget_type=\"image.default\">\n\t\t\t\t<div class=\"elementor-widget-container\">\n\t\t\t\t\t\t\t\t\t\t\t\t\t\t\t<img decoding=\"async\" src=\"https:\/\/entreprise-en-transition.fr\/wp-content\/uploads\/2023\/06\/Fiche-evaluation-eco-conduite-VF.pdf\" title=\"\" alt=\"\" loading=\"lazy\" \/>\t\t\t\t\t\t\t\t\t\t\t\t\t\t\t<\/div>\n\t\t\t\t<\/div>\n\t\t\t\t<div class=\"elementor-element elementor-element-a073f42 elementor-align-center elementor-widget elementor-widget-button\" data-id=\"a073f42\" data-element_type=\"widget\" data-e-type=\"widget\" data-widget_type=\"button.default\">\n\t\t\t\t<div class=\"elementor-widget-container\">\n\t\t\t\t\t\t\t\t\t<div class=\"elementor-button-wrapper\">\n\t\t\t\t\t<a class=\"elementor-button elementor-button-link elementor-size-sm\" href=\"https:\/\/entreprise-en-transition.fr\/wp-content\/uploads\/2023\/06\/Fiche-evaluation-eco-conduite-VF.pdf\" download=\"\">\n\t\t\t\t\t\t<span class=\"elementor-button-content-wrapper\">\n\t\t\t\t\t\t\t\t\t<span class=\"elementor-button-text\">T\u00e9l\u00e9charger la fiche d\u2019\u00e9valuation <\/span>\n\t\t\t\t\t<\/span>\n\t\t\t\t\t<\/a>\n\t\t\t\t<\/div>\n\t\t\t\t\t\t\t\t<\/div>\n\t\t\t\t<\/div>\n\t\t\t\t\t<\/div>\n\t\t<\/div>\n\t\t\t\t\t<\/div>\n\t\t<\/section>\n\t\t\t\t<section class=\"elementor-section elementor-top-section elementor-element elementor-element-9b1043e elementor-section-boxed elementor-section-height-default elementor-section-height-default\" data-id=\"9b1043e\" data-element_type=\"section\" data-e-type=\"section\">\n\t\t\t\t\t\t<div class=\"elementor-container elementor-column-gap-default\">\n\t\t\t\t\t<div class=\"elementor-column elementor-col-100 elementor-top-column elementor-element elementor-element-fa25e58\" data-id=\"fa25e58\" data-element_type=\"column\" data-e-type=\"column\">\n\t\t\t<div class=\"elementor-widget-wrap elementor-element-populated\">\n\t\t\t\t\t\t<div class=\"elementor-element elementor-element-68c5fe1 elementor-widget elementor-widget-image\" data-id=\"68c5fe1\" data-element_type=\"widget\" data-e-type=\"widget\" data-widget_type=\"image.default\">\n\t\t\t\t<div class=\"elementor-widget-container\">\n\t\t\t\t\t\t\t\t\t\t\t\t\t\t\t<img decoding=\"async\" src=\"https:\/\/entreprise-en-transition.fr\/wp-content\/uploads\/2023\/06\/Affiche-eco-defi-mateco-conduite-VF.pdf\" title=\"\" alt=\"\" loading=\"lazy\" \/>\t\t\t\t\t\t\t\t\t\t\t\t\t\t\t<\/div>\n\t\t\t\t<\/div>\n\t\t\t\t\t<\/div>\n\t\t<\/div>\n\t\t\t\t\t<\/div>\n\t\t<\/section>\n\t\t\t\t<\/div>\n\t\t","protected":false},"excerpt":{"rendered":"<p>De d\u00e9but juillet \u00e0 fin septembre ! C\u2019est Mat\u2019\u00e9co Pour participer, rapprochez-vous de la Sage-Femme Coordinatrice de votre \u00e9quipe. Pour d\u00e9couvrir la pr\u00e9sentation de l\u2019\u00e9co d\u00e9fi et des conseils pour y participer, t\u00e9l\u00e9chargez les documents ci-dessous.\u00a0 T\u00e9l\u00e9charger la pr\u00e9sentation T\u00e9l\u00e9charger la fiche d\u2019\u00e9valuation<\/p>\n","protected":false},"author":1,"featured_media":0,"parent":0,"menu_order":0,"comment_status":"closed","ping_status":"closed","template":"","meta":{"footnotes":""},"class_list":["post-3281","page","type-page","status-publish","hentry"],"_links":{"self":[{"href":"https:\/\/entreprise-en-transition.fr\/index.php\/wp-json\/wp\/v2\/pages\/3281","targetHints":{"allow":["GET"]}}],"collection":[{"href":"https:\/\/entreprise-en-transition.fr\/index.php\/wp-json\/wp\/v2\/pages"}],"about":[{"href":"https:\/\/entreprise-en-transition.fr\/index.php\/wp-json\/wp\/v2\/types\/page"}],"author":[{"embeddable":true,"href":"https:\/\/entreprise-en-transition.fr\/index.php\/wp-json\/wp\/v2\/users\/1"}],"replies":[{"embeddable":true,"href":"https:\/\/entreprise-en-transition.fr\/index.php\/wp-json\/wp\/v2\/comments?post=3281"}],"version-history":[{"count":62,"href":"https:\/\/entreprise-en-transition.fr\/index.php\/wp-json\/wp\/v2\/pages\/3281\/revisions"}],"predecessor-version":[{"id":3368,"href":"https:\/\/entreprise-en-transition.fr\/index.php\/wp-json\/wp\/v2\/pages\/3281\/revisions\/3368"}],"wp:attachment":[{"href":"https:\/\/entreprise-en-transition.fr\/index.php\/wp-json\/wp\/v2\/media?parent=3281"}],"curies":[{"name":"wp","href":"https:\/\/api.w.org\/{rel}","templated":true}]}}