{"id":420,"date":"2019-09-24T09:52:51","date_gmt":"2019-09-24T07:52:51","guid":{"rendered":"http:\/\/entreprise-en-transition.fr\/?page_id=420"},"modified":"2023-03-29T16:50:29","modified_gmt":"2023-03-29T14:50:29","slug":"et-si-le-moment-etait-venu-de-passer-a-laction","status":"publish","type":"page","link":"https:\/\/entreprise-en-transition.fr\/index.php\/et-si-le-moment-etait-venu-de-passer-a-laction\/","title":{"rendered":"Accompagnement"},"content":{"rendered":"\t\t<div data-elementor-type=\"wp-post\" data-elementor-id=\"420\" class=\"elementor elementor-420\" data-elementor-post-type=\"page\">\n\t\t\t\t\t\t<section class=\"elementor-section elementor-top-section elementor-element elementor-element-9a1559 elementor-section-height-min-height elementor-section-stretched elementor-section-boxed elementor-section-height-default elementor-section-items-middle\" data-id=\"9a1559\" data-element_type=\"section\" data-e-type=\"section\" data-settings=\"{&quot;background_background&quot;:&quot;classic&quot;,&quot;stretch_section&quot;:&quot;section-stretched&quot;}\">\n\t\t\t\t\t\t\t<div class=\"elementor-background-overlay\"><\/div>\n\t\t\t\t\t\t\t<div class=\"elementor-container elementor-column-gap-no\">\n\t\t\t\t\t<div class=\"elementor-column elementor-col-100 elementor-top-column elementor-element elementor-element-4ee70606\" data-id=\"4ee70606\" data-element_type=\"column\" data-e-type=\"column\">\n\t\t\t<div class=\"elementor-widget-wrap elementor-element-populated\">\n\t\t\t\t\t\t<div class=\"elementor-element elementor-element-d68a7a2 elementor-widget elementor-widget-heading\" data-id=\"d68a7a2\" data-element_type=\"widget\" data-e-type=\"widget\" data-widget_type=\"heading.default\">\n\t\t\t\t<div class=\"elementor-widget-container\">\n\t\t\t\t\t<h2 class=\"elementor-heading-title elementor-size-default\">Et si le moment \u00e9tait venu de passer \u00e0 l\u2019action ?<br><br>On vous accompagne pour r\u00e9ussir !<\/h2>\t\t\t\t<\/div>\n\t\t\t\t<\/div>\n\t\t\t\t\t<\/div>\n\t\t<\/div>\n\t\t\t\t\t<\/div>\n\t\t<\/section>\n\t\t\t\t<section class=\"elementor-section elementor-top-section elementor-element elementor-element-354b3f8a elementor-section-boxed elementor-section-height-default elementor-section-height-default\" data-id=\"354b3f8a\" data-element_type=\"section\" data-e-type=\"section\" data-settings=\"{&quot;background_background&quot;:&quot;classic&quot;,&quot;animation&quot;:&quot;none&quot;}\">\n\t\t\t\t\t\t<div class=\"elementor-container elementor-column-gap-default\">\n\t\t\t\t\t<div class=\"elementor-column elementor-col-100 elementor-top-column elementor-element elementor-element-5932235c\" data-id=\"5932235c\" data-element_type=\"column\" data-e-type=\"column\" data-settings=\"{&quot;background_background&quot;:&quot;classic&quot;}\">\n\t\t\t<div class=\"elementor-widget-wrap elementor-element-populated\">\n\t\t\t\t\t\t<div class=\"elementor-element elementor-element-6dfda064 elementor-invisible elementor-widget elementor-widget-heading\" data-id=\"6dfda064\" data-element_type=\"widget\" data-e-type=\"widget\" data-settings=\"{&quot;_animation&quot;:&quot;fadeInLeft&quot;,&quot;_animation_delay&quot;:&quot;500&quot;}\" data-widget_type=\"heading.default\">\n\t\t\t\t<div class=\"elementor-widget-container\">\n\t\t\t\t\t<h2 class=\"elementor-heading-title elementor-size-default\">Un accompagnement sur mesure pour engager votre entreprise<\/h2>\t\t\t\t<\/div>\n\t\t\t\t<\/div>\n\t\t\t\t<div class=\"elementor-element elementor-element-53f79884 elementor-invisible elementor-widget elementor-widget-text-editor\" data-id=\"53f79884\" data-element_type=\"widget\" data-e-type=\"widget\" data-settings=\"{&quot;_animation&quot;:&quot;fadeInLeft&quot;,&quot;_animation_delay&quot;:&quot;400&quot;}\" data-widget_type=\"text-editor.default\">\n\t\t\t\t<div class=\"elementor-widget-container\">\n\t\t\t\t\t\t\t\t\t<p>Pour passer \u00e0 l&rsquo;action, \u00e0 chacun son premier pas.\u00a0<\/p><p>Lao-Tseu aurait dit que le plus long des voyages commence toujours par un premier pas. Il en va de m\u00eame pour les d\u00e9marches de transition. \u00c0 chaque entreprise de choisir quel sera son premier pas. Les options sont multiples et le plus important est de passer \u00e0 l\u2019action.<\/p><p>Pour initier la d\u00e9marche la plus adapt\u00e9e \u00e0 vos besoins et possibilit\u00e9s, nous vous proposons notre parcours d\u2019accompagnement.\u00a0<\/p>\t\t\t\t\t\t\t\t<\/div>\n\t\t\t\t<\/div>\n\t\t\t\t\t<\/div>\n\t\t<\/div>\n\t\t\t\t\t<\/div>\n\t\t<\/section>\n\t\t\t\t<section class=\"elementor-section elementor-top-section elementor-element elementor-element-5e74fec1 elementor-section-stretched elementor-section-boxed elementor-section-height-default elementor-section-height-default\" data-id=\"5e74fec1\" data-element_type=\"section\" data-e-type=\"section\" data-settings=\"{&quot;background_background&quot;:&quot;classic&quot;,&quot;stretch_section&quot;:&quot;section-stretched&quot;}\">\n\t\t\t\t\t\t<div class=\"elementor-container elementor-column-gap-default\">\n\t\t\t\t\t<div class=\"elementor-column elementor-col-100 elementor-top-column elementor-element elementor-element-2e7ce44a\" data-id=\"2e7ce44a\" data-element_type=\"column\" data-e-type=\"column\">\n\t\t\t<div class=\"elementor-widget-wrap elementor-element-populated\">\n\t\t\t\t\t\t<div class=\"elementor-element elementor-element-995365c elementor-widget elementor-widget-image\" data-id=\"995365c\" data-element_type=\"widget\" data-e-type=\"widget\" data-widget_type=\"image.default\">\n\t\t\t\t<div class=\"elementor-widget-container\">\n\t\t\t\t\t\t\t\t\t\t\t\t\t\t\t<img fetchpriority=\"high\" decoding=\"async\" width=\"840\" height=\"542\" src=\"https:\/\/entreprise-en-transition.fr\/wp-content\/uploads\/2019\/09\/happy-business-colleagues-talking-and-walking-in-the-city-outdoor-1024x661.jpg\" class=\"attachment-large size-large wp-image-354\" alt=\"Et si le moment \u00e9tait venu de passer \u00e0 l\u2019action ?\" srcset=\"https:\/\/entreprise-en-transition.fr\/wp-content\/uploads\/2019\/09\/happy-business-colleagues-talking-and-walking-in-the-city-outdoor-1024x661.jpg 1024w, https:\/\/entreprise-en-transition.fr\/wp-content\/uploads\/2019\/09\/happy-business-colleagues-talking-and-walking-in-the-city-outdoor-300x194.jpg 300w, https:\/\/entreprise-en-transition.fr\/wp-content\/uploads\/2019\/09\/happy-business-colleagues-talking-and-walking-in-the-city-outdoor-768x496.jpg 768w, https:\/\/entreprise-en-transition.fr\/wp-content\/uploads\/2019\/09\/happy-business-colleagues-talking-and-walking-in-the-city-outdoor-1200x775.jpg 1200w, https:\/\/entreprise-en-transition.fr\/wp-content\/uploads\/2019\/09\/happy-business-colleagues-talking-and-walking-in-the-city-outdoor.jpg 2000w\" sizes=\"(max-width: 709px) 85vw, (max-width: 909px) 67vw, (max-width: 1362px) 62vw, 840px\" \/>\t\t\t\t\t\t\t\t\t\t\t\t\t\t\t<\/div>\n\t\t\t\t<\/div>\n\t\t\t\t\t<\/div>\n\t\t<\/div>\n\t\t\t\t\t<\/div>\n\t\t<\/section>\n\t\t\t\t<section class=\"elementor-section elementor-top-section elementor-element elementor-element-1acf3630 elementor-section-boxed elementor-section-height-default elementor-section-height-default\" data-id=\"1acf3630\" data-element_type=\"section\" data-e-type=\"section\" data-settings=\"{&quot;background_background&quot;:&quot;classic&quot;,&quot;animation&quot;:&quot;none&quot;}\">\n\t\t\t\t\t\t<div class=\"elementor-container elementor-column-gap-default\">\n\t\t\t\t\t<div class=\"elementor-column elementor-col-100 elementor-top-column elementor-element elementor-element-2478543b\" data-id=\"2478543b\" data-element_type=\"column\" data-e-type=\"column\" data-settings=\"{&quot;background_background&quot;:&quot;classic&quot;}\">\n\t\t\t<div class=\"elementor-widget-wrap elementor-element-populated\">\n\t\t\t\t\t\t<div class=\"elementor-element elementor-element-4cc2f0f5 elementor-invisible elementor-widget elementor-widget-heading\" data-id=\"4cc2f0f5\" data-element_type=\"widget\" data-e-type=\"widget\" data-settings=\"{&quot;_animation&quot;:&quot;fadeInLeft&quot;,&quot;_animation_delay&quot;:&quot;500&quot;}\" data-widget_type=\"heading.default\">\n\t\t\t\t<div class=\"elementor-widget-container\">\n\t\t\t\t\t<h2 class=\"elementor-heading-title elementor-size-default\">Une d\u00e9marche en 4 \u00e9tapes<\/h2>\t\t\t\t<\/div>\n\t\t\t\t<\/div>\n\t\t\t\t<div class=\"elementor-element elementor-element-46fb7389 elementor-invisible elementor-widget elementor-widget-text-editor\" data-id=\"46fb7389\" data-element_type=\"widget\" data-e-type=\"widget\" data-settings=\"{&quot;_animation&quot;:&quot;fadeInLeft&quot;,&quot;_animation_delay&quot;:&quot;400&quot;}\" data-widget_type=\"text-editor.default\">\n\t\t\t\t<div class=\"elementor-widget-container\">\n\t\t\t\t\t\t\t\t\t<p>Une d\u00e9marche en 4 \u00e9tapes pour lancer la dynamique\u00a0:<\/p><ol><li>Confirmer la volont\u00e9 de l\u2019entreprise<\/li><li>Annoncer (Lancer) la d\u00e9marche et mobiliser les agents de changement<\/li><li>S\u00e9minaire de mise en projet\u00a0<\/li><li>D\u00e9ployer et accompagner la dynamique<\/li><\/ol><p>puis croiser les d\u00e9marches, tisser les r\u00e9seaux, activer et partager les ressources&#8230;<\/p>\t\t\t\t\t\t\t\t<\/div>\n\t\t\t\t<\/div>\n\t\t\t\t\t<\/div>\n\t\t<\/div>\n\t\t\t\t\t<\/div>\n\t\t<\/section>\n\t\t\t\t<section class=\"elementor-section elementor-top-section elementor-element elementor-element-73151264 elementor-section-stretched elementor-section-boxed elementor-section-height-default elementor-section-height-default\" data-id=\"73151264\" data-element_type=\"section\" data-e-type=\"section\" data-settings=\"{&quot;background_background&quot;:&quot;classic&quot;,&quot;stretch_section&quot;:&quot;section-stretched&quot;}\">\n\t\t\t\t\t\t<div class=\"elementor-container elementor-column-gap-default\">\n\t\t\t\t\t<div class=\"elementor-column elementor-col-100 elementor-top-column elementor-element elementor-element-16492646\" data-id=\"16492646\" data-element_type=\"column\" data-e-type=\"column\">\n\t\t\t<div class=\"elementor-widget-wrap elementor-element-populated\">\n\t\t\t\t\t\t<div class=\"elementor-element elementor-element-b84c76e elementor-widget elementor-widget-image\" data-id=\"b84c76e\" data-element_type=\"widget\" data-e-type=\"widget\" data-widget_type=\"image.default\">\n\t\t\t\t<div class=\"elementor-widget-container\">\n\t\t\t\t\t\t\t\t\t\t\t\t\t\t\t<img decoding=\"async\" width=\"840\" height=\"547\" src=\"https:\/\/entreprise-en-transition.fr\/wp-content\/uploads\/2019\/09\/business-concept-two-men-shake-hands-with-documents-and-laptops--1024x667.jpg\" class=\"attachment-large size-large wp-image-313\" alt=\"Et si le moment \u00e9tait venu de passer \u00e0 l\u2019action ?\" srcset=\"https:\/\/entreprise-en-transition.fr\/wp-content\/uploads\/2019\/09\/business-concept-two-men-shake-hands-with-documents-and-laptops--1024x667.jpg 1024w, https:\/\/entreprise-en-transition.fr\/wp-content\/uploads\/2019\/09\/business-concept-two-men-shake-hands-with-documents-and-laptops--300x195.jpg 300w, https:\/\/entreprise-en-transition.fr\/wp-content\/uploads\/2019\/09\/business-concept-two-men-shake-hands-with-documents-and-laptops--768x500.jpg 768w, https:\/\/entreprise-en-transition.fr\/wp-content\/uploads\/2019\/09\/business-concept-two-men-shake-hands-with-documents-and-laptops--1200x782.jpg 1200w, https:\/\/entreprise-en-transition.fr\/wp-content\/uploads\/2019\/09\/business-concept-two-men-shake-hands-with-documents-and-laptops-.jpg 2000w\" sizes=\"(max-width: 709px) 85vw, (max-width: 909px) 67vw, (max-width: 1362px) 62vw, 840px\" \/>\t\t\t\t\t\t\t\t\t\t\t\t\t\t\t<\/div>\n\t\t\t\t<\/div>\n\t\t\t\t\t<\/div>\n\t\t<\/div>\n\t\t\t\t\t<\/div>\n\t\t<\/section>\n\t\t\t\t<section class=\"elementor-section elementor-top-section elementor-element elementor-element-43b0533d elementor-section-boxed elementor-section-height-default elementor-section-height-default\" data-id=\"43b0533d\" data-element_type=\"section\" data-e-type=\"section\" data-settings=\"{&quot;background_background&quot;:&quot;classic&quot;}\">\n\t\t\t\t\t\t<div class=\"elementor-container elementor-column-gap-default\">\n\t\t\t\t\t<div class=\"elementor-column elementor-col-100 elementor-top-column elementor-element elementor-element-140c83d2\" data-id=\"140c83d2\" data-element_type=\"column\" data-e-type=\"column\" data-settings=\"{&quot;background_background&quot;:&quot;classic&quot;}\">\n\t\t\t<div class=\"elementor-widget-wrap elementor-element-populated\">\n\t\t\t\t\t\t<div class=\"elementor-element elementor-element-e6d6877 elementor-invisible elementor-widget elementor-widget-heading\" data-id=\"e6d6877\" data-element_type=\"widget\" data-e-type=\"widget\" data-settings=\"{&quot;_animation&quot;:&quot;fadeInLeft&quot;,&quot;_animation_delay&quot;:&quot;500&quot;}\" data-widget_type=\"heading.default\">\n\t\t\t\t<div class=\"elementor-widget-container\">\n\t\t\t\t\t<h2 class=\"elementor-heading-title elementor-size-default\">1. Engager la volont\u00e9 de l\u2019entreprise<\/h2>\t\t\t\t<\/div>\n\t\t\t\t<\/div>\n\t\t\t\t<div class=\"elementor-element elementor-element-535cdad3 elementor-invisible elementor-widget elementor-widget-text-editor\" data-id=\"535cdad3\" data-element_type=\"widget\" data-e-type=\"widget\" data-settings=\"{&quot;_animation&quot;:&quot;fadeInLeft&quot;,&quot;_animation_delay&quot;:&quot;400&quot;}\" data-widget_type=\"text-editor.default\">\n\t\t\t\t<div class=\"elementor-widget-container\">\n\t\t\t\t\t\t\t\t\t<p>La d\u00e9marche de Transition mobilise toutes les volont\u00e9s actives de l\u2019organisation, \u00e0 commencer par celle de sa direction.<\/p><p>La premi\u00e8re \u00e9tape de notre accompagnement permet de clarifier les besoins, les tensions et les urgences de l\u2019organisation telles que sa direction les per\u00e7oit et de valider le champ des possibles.<\/p><p>Cette premi\u00e8re \u00e9tape permet \u00e9galement de co-construire le projet et de pr\u00e9ciser les modalit\u00e9s de l\u2019engagement de l\u2019organisation.<\/p>\t\t\t\t\t\t\t\t<\/div>\n\t\t\t\t<\/div>\n\t\t\t\t\t<\/div>\n\t\t<\/div>\n\t\t\t\t\t<\/div>\n\t\t<\/section>\n\t\t\t\t<section class=\"elementor-section elementor-top-section elementor-element elementor-element-617e2da2 elementor-section-boxed elementor-section-height-default elementor-section-height-default\" data-id=\"617e2da2\" data-element_type=\"section\" data-e-type=\"section\" data-settings=\"{&quot;background_background&quot;:&quot;classic&quot;}\">\n\t\t\t\t\t\t<div class=\"elementor-container elementor-column-gap-default\">\n\t\t\t\t\t<div class=\"elementor-column elementor-col-100 elementor-top-column elementor-element elementor-element-675121eb\" data-id=\"675121eb\" data-element_type=\"column\" data-e-type=\"column\">\n\t\t\t<div class=\"elementor-widget-wrap elementor-element-populated\">\n\t\t\t\t\t\t<div class=\"elementor-element elementor-element-dc07b55 elementor-widget elementor-widget-image\" data-id=\"dc07b55\" data-element_type=\"widget\" data-e-type=\"widget\" data-widget_type=\"image.default\">\n\t\t\t\t<div class=\"elementor-widget-container\">\n\t\t\t\t\t\t\t\t\t\t\t\t\t\t\t<img decoding=\"async\" width=\"840\" height=\"559\" src=\"https:\/\/entreprise-en-transition.fr\/wp-content\/uploads\/2019\/08\/happy-young-stylish-businessman-going-to-work-by-bike-1024x682.jpg\" class=\"attachment-large size-large wp-image-245\" alt=\"Et si le moment \u00e9tait venu de passer \u00e0 l\u2019action ?\" srcset=\"https:\/\/entreprise-en-transition.fr\/wp-content\/uploads\/2019\/08\/happy-young-stylish-businessman-going-to-work-by-bike-1024x682.jpg 1024w, https:\/\/entreprise-en-transition.fr\/wp-content\/uploads\/2019\/08\/happy-young-stylish-businessman-going-to-work-by-bike-300x200.jpg 300w, https:\/\/entreprise-en-transition.fr\/wp-content\/uploads\/2019\/08\/happy-young-stylish-businessman-going-to-work-by-bike-768x512.jpg 768w, https:\/\/entreprise-en-transition.fr\/wp-content\/uploads\/2019\/08\/happy-young-stylish-businessman-going-to-work-by-bike-1200x800.jpg 1200w, https:\/\/entreprise-en-transition.fr\/wp-content\/uploads\/2019\/08\/happy-young-stylish-businessman-going-to-work-by-bike.jpg 2000w\" sizes=\"(max-width: 709px) 85vw, (max-width: 909px) 67vw, (max-width: 1362px) 62vw, 840px\" \/>\t\t\t\t\t\t\t\t\t\t\t\t\t\t\t<\/div>\n\t\t\t\t<\/div>\n\t\t\t\t\t<\/div>\n\t\t<\/div>\n\t\t\t\t\t<\/div>\n\t\t<\/section>\n\t\t\t\t<section class=\"elementor-section elementor-top-section elementor-element elementor-element-3b7f04c elementor-section-boxed elementor-section-height-default elementor-section-height-default\" data-id=\"3b7f04c\" data-element_type=\"section\" data-e-type=\"section\" data-settings=\"{&quot;background_background&quot;:&quot;classic&quot;}\">\n\t\t\t\t\t\t<div class=\"elementor-container elementor-column-gap-default\">\n\t\t\t\t\t<div class=\"elementor-column elementor-col-100 elementor-top-column elementor-element elementor-element-4e64b31d\" data-id=\"4e64b31d\" data-element_type=\"column\" data-e-type=\"column\" data-settings=\"{&quot;background_background&quot;:&quot;classic&quot;}\">\n\t\t\t<div class=\"elementor-widget-wrap elementor-element-populated\">\n\t\t\t\t\t\t<div class=\"elementor-element elementor-element-3d990d9c elementor-invisible elementor-widget elementor-widget-heading\" data-id=\"3d990d9c\" data-element_type=\"widget\" data-e-type=\"widget\" data-settings=\"{&quot;_animation&quot;:&quot;fadeInLeft&quot;,&quot;_animation_delay&quot;:&quot;500&quot;}\" data-widget_type=\"heading.default\">\n\t\t\t\t<div class=\"elementor-widget-container\">\n\t\t\t\t\t<h2 class=\"elementor-heading-title elementor-size-default\">2. Mobiliser les agents de changement<\/h2>\t\t\t\t<\/div>\n\t\t\t\t<\/div>\n\t\t\t\t<div class=\"elementor-element elementor-element-5f33e1aa elementor-invisible elementor-widget elementor-widget-text-editor\" data-id=\"5f33e1aa\" data-element_type=\"widget\" data-e-type=\"widget\" data-settings=\"{&quot;_animation&quot;:&quot;fadeInLeft&quot;,&quot;_animation_delay&quot;:&quot;400&quot;}\" data-widget_type=\"text-editor.default\">\n\t\t\t\t<div class=\"elementor-widget-container\">\n\t\t\t\t\t\t\t\t\tAujourd\u2019hui de nombreux salari\u00e9s vivent une forme de tension\u00a0: impatients d\u2019agir pour face aux enjeux \u00e9cologiques ils souffrent de l\u2019inertie de leur organisation et pour certains ce mal-\u00eatre est de plus en plus difficile \u00e0 supporter.<\/p>\nLa seconde \u00e9tape de notre d\u00e9marche visera \u00e0 identifier, au sein de l\u2019organisation, des acteurs motiv\u00e9s et volontaires pour constituer un groupe de Facilitateurs de Transition. Id\u00e9alement, il sera constitu\u00e9 de membres de diff\u00e9rents services et de diff\u00e9rentes cat\u00e9gories du personnel de l\u2019entreprise.<\/p>\t\t\t\t\t\t\t\t<\/div>\n\t\t\t\t<\/div>\n\t\t\t\t\t<\/div>\n\t\t<\/div>\n\t\t\t\t\t<\/div>\n\t\t<\/section>\n\t\t\t\t<section class=\"elementor-section elementor-top-section elementor-element elementor-element-53e9ffbf elementor-section-boxed elementor-section-height-default elementor-section-height-default\" data-id=\"53e9ffbf\" data-element_type=\"section\" data-e-type=\"section\" data-settings=\"{&quot;background_background&quot;:&quot;classic&quot;}\">\n\t\t\t\t\t\t<div class=\"elementor-container elementor-column-gap-default\">\n\t\t\t\t\t<div class=\"elementor-column elementor-col-100 elementor-top-column elementor-element elementor-element-4e90eff0\" data-id=\"4e90eff0\" data-element_type=\"column\" data-e-type=\"column\">\n\t\t\t<div class=\"elementor-widget-wrap elementor-element-populated\">\n\t\t\t\t\t\t<div class=\"elementor-element elementor-element-ff09bf8 elementor-widget elementor-widget-image\" data-id=\"ff09bf8\" data-element_type=\"widget\" data-e-type=\"widget\" data-widget_type=\"image.default\">\n\t\t\t\t<div class=\"elementor-widget-container\">\n\t\t\t\t\t\t\t\t\t\t\t\t\t\t\t<img loading=\"lazy\" decoding=\"async\" width=\"840\" height=\"559\" src=\"https:\/\/entreprise-en-transition.fr\/wp-content\/uploads\/2019\/08\/white-pelicans-pelecanus-onocrotalus--1024x682.jpg\" class=\"attachment-large size-large wp-image-47\" alt=\"Et si le moment \u00e9tait venu de passer \u00e0 l\u2019action ?\" srcset=\"https:\/\/entreprise-en-transition.fr\/wp-content\/uploads\/2019\/08\/white-pelicans-pelecanus-onocrotalus--1024x682.jpg 1024w, https:\/\/entreprise-en-transition.fr\/wp-content\/uploads\/2019\/08\/white-pelicans-pelecanus-onocrotalus--300x200.jpg 300w, https:\/\/entreprise-en-transition.fr\/wp-content\/uploads\/2019\/08\/white-pelicans-pelecanus-onocrotalus--768x512.jpg 768w, https:\/\/entreprise-en-transition.fr\/wp-content\/uploads\/2019\/08\/white-pelicans-pelecanus-onocrotalus--1200x800.jpg 1200w, https:\/\/entreprise-en-transition.fr\/wp-content\/uploads\/2019\/08\/white-pelicans-pelecanus-onocrotalus-.jpg 2000w\" sizes=\"(max-width: 709px) 85vw, (max-width: 909px) 67vw, (max-width: 1362px) 62vw, 840px\" \/>\t\t\t\t\t\t\t\t\t\t\t\t\t\t\t<\/div>\n\t\t\t\t<\/div>\n\t\t\t\t\t<\/div>\n\t\t<\/div>\n\t\t\t\t\t<\/div>\n\t\t<\/section>\n\t\t\t\t<section class=\"elementor-section elementor-top-section elementor-element elementor-element-3469397 elementor-section-boxed elementor-section-height-default elementor-section-height-default\" data-id=\"3469397\" data-element_type=\"section\" data-e-type=\"section\" data-settings=\"{&quot;background_background&quot;:&quot;classic&quot;}\">\n\t\t\t\t\t\t<div class=\"elementor-container elementor-column-gap-default\">\n\t\t\t\t\t<div class=\"elementor-column elementor-col-100 elementor-top-column elementor-element elementor-element-4843445\" data-id=\"4843445\" data-element_type=\"column\" data-e-type=\"column\" data-settings=\"{&quot;background_background&quot;:&quot;classic&quot;}\">\n\t\t\t<div class=\"elementor-widget-wrap elementor-element-populated\">\n\t\t\t\t\t\t<div class=\"elementor-element elementor-element-9a63cfc elementor-invisible elementor-widget elementor-widget-heading\" data-id=\"9a63cfc\" data-element_type=\"widget\" data-e-type=\"widget\" data-settings=\"{&quot;_animation&quot;:&quot;fadeInLeft&quot;,&quot;_animation_delay&quot;:&quot;500&quot;}\" data-widget_type=\"heading.default\">\n\t\t\t\t<div class=\"elementor-widget-container\">\n\t\t\t\t\t<h2 class=\"elementor-heading-title elementor-size-default\">3. S\u00e9minaire de mise en projet <\/h2>\t\t\t\t<\/div>\n\t\t\t\t<\/div>\n\t\t\t\t<div class=\"elementor-element elementor-element-682c237 elementor-invisible elementor-widget elementor-widget-text-editor\" data-id=\"682c237\" data-element_type=\"widget\" data-e-type=\"widget\" data-settings=\"{&quot;_animation&quot;:&quot;fadeInLeft&quot;,&quot;_animation_delay&quot;:&quot;400&quot;}\" data-widget_type=\"text-editor.default\">\n\t\t\t\t<div class=\"elementor-widget-container\">\n\t\t\t\t\t\t\t\t\t<p>La troisi\u00e8me \u00e9tape verra le groupe poser les bases d\u2019une dynamique d\u2019actions concr\u00e8tes. L\u2019accompagnement l\u2019aidera \u00e0 se structurer pour une meilleure efficacit\u00e9 collective et lui apportera les outils et comp\u00e9tences pour pouvoir agir efficacement dans le quotidien des \u00e9quipes et aussi sur des aspects plus transversaux, voire globaux, tout en respectant les sensibilit\u00e9s de l\u2019ensemble des acteurs de l\u2019organisation. Une d\u00e9marche de gestion de projet collaboratif, \u00a0de team-building, coupl\u00e9e avec une formation aux techniques d\u2019accompagnement du changement lui permettra de prendre son envol.<\/p>\t\t\t\t\t\t\t\t<\/div>\n\t\t\t\t<\/div>\n\t\t\t\t\t<\/div>\n\t\t<\/div>\n\t\t\t\t\t<\/div>\n\t\t<\/section>\n\t\t\t\t<section class=\"elementor-section elementor-top-section elementor-element elementor-element-981fbd7 elementor-section-boxed elementor-section-height-default elementor-section-height-default\" data-id=\"981fbd7\" data-element_type=\"section\" data-e-type=\"section\" data-settings=\"{&quot;background_background&quot;:&quot;classic&quot;}\">\n\t\t\t\t\t\t<div class=\"elementor-container elementor-column-gap-default\">\n\t\t\t\t\t<div class=\"elementor-column elementor-col-100 elementor-top-column elementor-element elementor-element-4a38ac1\" data-id=\"4a38ac1\" data-element_type=\"column\" data-e-type=\"column\">\n\t\t\t<div class=\"elementor-widget-wrap elementor-element-populated\">\n\t\t\t\t\t\t<div class=\"elementor-element elementor-element-2eac83f elementor-widget elementor-widget-image\" data-id=\"2eac83f\" data-element_type=\"widget\" data-e-type=\"widget\" data-widget_type=\"image.default\">\n\t\t\t\t<div class=\"elementor-widget-container\">\n\t\t\t\t\t\t\t\t\t\t\t\t\t\t\t<img loading=\"lazy\" decoding=\"async\" width=\"840\" height=\"559\" src=\"https:\/\/entreprise-en-transition.fr\/wp-content\/uploads\/2019\/09\/marathon-athletes-walking-in-the-park-1024x682.jpg\" class=\"attachment-large size-large wp-image-349\" alt=\"Et si le moment \u00e9tait venu de passer \u00e0 l\u2019action ?\" srcset=\"https:\/\/entreprise-en-transition.fr\/wp-content\/uploads\/2019\/09\/marathon-athletes-walking-in-the-park-1024x682.jpg 1024w, https:\/\/entreprise-en-transition.fr\/wp-content\/uploads\/2019\/09\/marathon-athletes-walking-in-the-park-300x200.jpg 300w, https:\/\/entreprise-en-transition.fr\/wp-content\/uploads\/2019\/09\/marathon-athletes-walking-in-the-park-768x512.jpg 768w, https:\/\/entreprise-en-transition.fr\/wp-content\/uploads\/2019\/09\/marathon-athletes-walking-in-the-park-1200x800.jpg 1200w, https:\/\/entreprise-en-transition.fr\/wp-content\/uploads\/2019\/09\/marathon-athletes-walking-in-the-park.jpg 2000w\" sizes=\"(max-width: 709px) 85vw, (max-width: 909px) 67vw, (max-width: 1362px) 62vw, 840px\" \/>\t\t\t\t\t\t\t\t\t\t\t\t\t\t\t<\/div>\n\t\t\t\t<\/div>\n\t\t\t\t\t<\/div>\n\t\t<\/div>\n\t\t\t\t\t<\/div>\n\t\t<\/section>\n\t\t\t\t<section class=\"elementor-section elementor-top-section elementor-element elementor-element-7f98316 elementor-section-boxed elementor-section-height-default elementor-section-height-default\" data-id=\"7f98316\" data-element_type=\"section\" data-e-type=\"section\" data-settings=\"{&quot;background_background&quot;:&quot;classic&quot;}\">\n\t\t\t\t\t\t<div class=\"elementor-container elementor-column-gap-default\">\n\t\t\t\t\t<div class=\"elementor-column elementor-col-100 elementor-top-column elementor-element elementor-element-d601b56\" data-id=\"d601b56\" data-element_type=\"column\" data-e-type=\"column\" data-settings=\"{&quot;background_background&quot;:&quot;classic&quot;}\">\n\t\t\t<div class=\"elementor-widget-wrap elementor-element-populated\">\n\t\t\t\t\t\t<div class=\"elementor-element elementor-element-5577f1f elementor-invisible elementor-widget elementor-widget-heading\" data-id=\"5577f1f\" data-element_type=\"widget\" data-e-type=\"widget\" data-settings=\"{&quot;_animation&quot;:&quot;fadeInLeft&quot;,&quot;_animation_delay&quot;:&quot;500&quot;}\" data-widget_type=\"heading.default\">\n\t\t\t\t<div class=\"elementor-widget-container\">\n\t\t\t\t\t<h2 class=\"elementor-heading-title elementor-size-default\">4. D\u00e9ployer et accompagner la dynamique<\/h2>\t\t\t\t<\/div>\n\t\t\t\t<\/div>\n\t\t\t\t<div class=\"elementor-element elementor-element-9937843 elementor-invisible elementor-widget elementor-widget-text-editor\" data-id=\"9937843\" data-element_type=\"widget\" data-e-type=\"widget\" data-settings=\"{&quot;_animation&quot;:&quot;fadeInLeft&quot;,&quot;_animation_delay&quot;:&quot;400&quot;}\" data-widget_type=\"text-editor.default\">\n\t\t\t\t<div class=\"elementor-widget-container\">\n\t\t\t\t\t\t\t\t\tUne supervision accompagnera le groupe dans l\u2019exp\u00e9rimentation et soutiendra ses premiers apprentissages.<\/p>\nPour sensibiliser et mobiliser le plus largement possible les professionnels de l\u2019organisation et m\u00eame l\u2019ensemble des parties prenantes de son activit\u00e9, des \u00e9v\u00e9nements peuvent \u00eatre organis\u00e9s, avec notre aide, en amont ou au fur et \u00e0 mesure de la mise en \u0153uvre de la d\u00e9marche et de nombreuses ressources peuvent \u00eatre mobilis\u00e9es pour soutenir la dynamique et contribuer \u00e0 son efficience.<\/p>\t\t\t\t\t\t\t\t<\/div>\n\t\t\t\t<\/div>\n\t\t\t\t\t<\/div>\n\t\t<\/div>\n\t\t\t\t\t<\/div>\n\t\t<\/section>\n\t\t\t\t<section class=\"elementor-section elementor-top-section elementor-element elementor-element-e38552b elementor-section-boxed elementor-section-height-default elementor-section-height-default\" data-id=\"e38552b\" data-element_type=\"section\" data-e-type=\"section\" data-settings=\"{&quot;background_background&quot;:&quot;classic&quot;}\">\n\t\t\t\t\t\t<div class=\"elementor-container elementor-column-gap-default\">\n\t\t\t\t\t<div class=\"elementor-column elementor-col-100 elementor-top-column elementor-element elementor-element-cf3cb68\" data-id=\"cf3cb68\" data-element_type=\"column\" data-e-type=\"column\">\n\t\t\t<div class=\"elementor-widget-wrap elementor-element-populated\">\n\t\t\t\t\t\t<div class=\"elementor-element elementor-element-2b60040 elementor-widget elementor-widget-image\" data-id=\"2b60040\" data-element_type=\"widget\" data-e-type=\"widget\" data-widget_type=\"image.default\">\n\t\t\t\t<div class=\"elementor-widget-container\">\n\t\t\t\t\t\t\t\t\t\t\t\t\t\t\t<img loading=\"lazy\" decoding=\"async\" width=\"840\" height=\"559\" src=\"https:\/\/entreprise-en-transition.fr\/wp-content\/uploads\/2019\/11\/portrait-of-business-team-posing-in-office-1024x682.jpg\" class=\"attachment-large size-large wp-image-526\" alt=\"Et si le moment \u00e9tait venu de passer \u00e0 l\u2019action ?\" srcset=\"https:\/\/entreprise-en-transition.fr\/wp-content\/uploads\/2019\/11\/portrait-of-business-team-posing-in-office-1024x682.jpg 1024w, https:\/\/entreprise-en-transition.fr\/wp-content\/uploads\/2019\/11\/portrait-of-business-team-posing-in-office-300x200.jpg 300w, https:\/\/entreprise-en-transition.fr\/wp-content\/uploads\/2019\/11\/portrait-of-business-team-posing-in-office-768x512.jpg 768w, https:\/\/entreprise-en-transition.fr\/wp-content\/uploads\/2019\/11\/portrait-of-business-team-posing-in-office-1200x800.jpg 1200w, https:\/\/entreprise-en-transition.fr\/wp-content\/uploads\/2019\/11\/portrait-of-business-team-posing-in-office.jpg 2000w\" sizes=\"(max-width: 709px) 85vw, (max-width: 909px) 67vw, (max-width: 1362px) 62vw, 840px\" \/>\t\t\t\t\t\t\t\t\t\t\t\t\t\t\t<\/div>\n\t\t\t\t<\/div>\n\t\t\t\t\t<\/div>\n\t\t<\/div>\n\t\t\t\t\t<\/div>\n\t\t<\/section>\n\t\t\t\t<section class=\"elementor-section elementor-top-section elementor-element elementor-element-c5b916e elementor-section-boxed elementor-section-height-default elementor-section-height-default\" data-id=\"c5b916e\" data-element_type=\"section\" data-e-type=\"section\" data-settings=\"{&quot;background_background&quot;:&quot;classic&quot;}\">\n\t\t\t\t\t\t<div class=\"elementor-container elementor-column-gap-default\">\n\t\t\t\t\t<div class=\"elementor-column elementor-col-100 elementor-top-column elementor-element elementor-element-bfbe378\" data-id=\"bfbe378\" data-element_type=\"column\" data-e-type=\"column\" data-settings=\"{&quot;background_background&quot;:&quot;classic&quot;}\">\n\t\t\t<div class=\"elementor-widget-wrap elementor-element-populated\">\n\t\t\t\t\t\t<div class=\"elementor-element elementor-element-120d34d elementor-invisible elementor-widget elementor-widget-heading\" data-id=\"120d34d\" data-element_type=\"widget\" data-e-type=\"widget\" data-settings=\"{&quot;_animation&quot;:&quot;fadeInLeft&quot;,&quot;_animation_delay&quot;:&quot;500&quot;}\" data-widget_type=\"heading.default\">\n\t\t\t\t<div class=\"elementor-widget-container\">\n\t\t\t\t\t<h2 class=\"elementor-heading-title elementor-size-default\">Et apr\u00e8s ? On r\u00e9colte et on partage !<\/h2>\t\t\t\t<\/div>\n\t\t\t\t<\/div>\n\t\t\t\t<div class=\"elementor-element elementor-element-d98f28e elementor-invisible elementor-widget elementor-widget-text-editor\" data-id=\"d98f28e\" data-element_type=\"widget\" data-e-type=\"widget\" data-settings=\"{&quot;_animation&quot;:&quot;fadeInLeft&quot;,&quot;_animation_delay&quot;:&quot;400&quot;}\" data-widget_type=\"text-editor.default\">\n\t\t\t\t<div class=\"elementor-widget-container\">\n\t\t\t\t\t\t\t\t\tEt parce que la Transition carbure \u00e0 l\u2019\u00e9nergie de la coop\u00e9ration une Entreprise en Transition contribue \u00e0 en cr\u00e9er d\u2019autres. Parmi les principaux engagements, l\u2019un invite l\u2019organisation \u00e0 t\u00e9moigner de ses actions concr\u00e8tes et l\u2019autre \u00e0 partager ses strat\u00e9gies de r\u00e9ussites pour soutenir \u00e0 son tour les dynamiques d\u2019autres organisations engag\u00e9es dans la d\u00e9marche.<\/p>\nAinsi des \u00e9changes de toutes sortes permettront aux acteurs de contextes professionnels tr\u00e8s diff\u00e9rents de s\u2019enrichir mutuellement de leurs exp\u00e9riences et de profiter de ressources renouvelables, voire in\u00e9puisables\u00a0!\t\t\t\t\t\t\t\t<\/div>\n\t\t\t\t<\/div>\n\t\t\t\t\t<\/div>\n\t\t<\/div>\n\t\t\t\t\t<\/div>\n\t\t<\/section>\n\t\t\t\t<section class=\"elementor-section elementor-top-section elementor-element elementor-element-21bff35 elementor-section-boxed elementor-section-height-default elementor-section-height-default\" data-id=\"21bff35\" data-element_type=\"section\" data-e-type=\"section\">\n\t\t\t\t\t\t<div class=\"elementor-container elementor-column-gap-default\">\n\t\t\t\t\t<div class=\"elementor-column elementor-col-100 elementor-top-column elementor-element elementor-element-88934f7\" data-id=\"88934f7\" data-element_type=\"column\" data-e-type=\"column\">\n\t\t\t<div class=\"elementor-widget-wrap elementor-element-populated\">\n\t\t\t\t\t\t<div class=\"elementor-element elementor-element-8071c1d elementor-invisible elementor-widget elementor-widget-text-editor\" data-id=\"8071c1d\" data-element_type=\"widget\" data-e-type=\"widget\" data-settings=\"{&quot;_animation&quot;:&quot;fadeInLeft&quot;,&quot;_animation_delay&quot;:&quot;400&quot;}\" data-widget_type=\"text-editor.default\">\n\t\t\t\t<div class=\"elementor-widget-container\">\n\t\t\t\t\t\t\t\t\t<h2>Je suis dirigeant(e) ou salari\u00e9(e) et je souhaite que mon entreprise s\u2019engage dans une d\u00e9marche de Transition \u00e9cologique : je passe \u00e0 l\u2019action et prends contact pour pr\u00e9ciser les possibilit\u00e9s de mettre en oeuvre la d\u00e9marche Entreprises en Transition !<\/h2>\t\t\t\t\t\t\t\t<\/div>\n\t\t\t\t<\/div>\n\t\t\t\t<div class=\"elementor-element elementor-element-d6e7db9 elementor-align-center elementor-mobile-align-justify elementor-invisible elementor-widget elementor-widget-button\" data-id=\"d6e7db9\" data-element_type=\"widget\" data-e-type=\"widget\" data-settings=\"{&quot;_animation&quot;:&quot;fadeInUp&quot;,&quot;_animation_delay&quot;:&quot;200&quot;}\" data-widget_type=\"button.default\">\n\t\t\t\t<div class=\"elementor-widget-container\">\n\t\t\t\t\t\t\t\t\t<div class=\"elementor-button-wrapper\">\n\t\t\t\t\t<a class=\"elementor-button elementor-button-link elementor-size-xl\" href=\"https:\/\/entreprise-en-transition.fr\/index.php\/et-si-le-moment-etait-venu-de-passer-a-l-action\/\">\n\t\t\t\t\t\t<span class=\"elementor-button-content-wrapper\">\n\t\t\t\t\t\t\t\t\t<span class=\"elementor-button-text\">faire un premier pas pour passer \u00e0 l\u2019action !<\/span>\n\t\t\t\t\t<\/span>\n\t\t\t\t\t<\/a>\n\t\t\t\t<\/div>\n\t\t\t\t\t\t\t\t<\/div>\n\t\t\t\t<\/div>\n\t\t\t\t\t<\/div>\n\t\t<\/div>\n\t\t\t\t\t<\/div>\n\t\t<\/section>\n\t\t\t\t<\/div>\n\t\t","protected":false},"excerpt":{"rendered":"<p>Et si le moment \u00e9tait venu de passer \u00e0 l\u2019action ? On vous accompagne pour r\u00e9ussir ! Un accompagnement sur mesure pour engager votre entreprise Pour passer \u00e0 l&rsquo;action, \u00e0 chacun son premier pas.\u00a0 Lao-Tseu aurait dit que le plus long des voyages commence toujours par un premier pas. Il en va de m\u00eame pour &hellip; <a href=\"https:\/\/entreprise-en-transition.fr\/index.php\/et-si-le-moment-etait-venu-de-passer-a-laction\/\" class=\"more-link\">Continuer la lecture<span class=\"screen-reader-text\"> de &laquo;&nbsp;Accompagnement&nbsp;&raquo;<\/span><\/a><\/p>\n","protected":false},"author":2,"featured_media":0,"parent":0,"menu_order":0,"comment_status":"closed","ping_status":"closed","template":"elementor_header_footer","meta":{"footnotes":""},"class_list":["post-420","page","type-page","status-publish","hentry"],"_links":{"self":[{"href":"https:\/\/entreprise-en-transition.fr\/index.php\/wp-json\/wp\/v2\/pages\/420","targetHints":{"allow":["GET"]}}],"collection":[{"href":"https:\/\/entreprise-en-transition.fr\/index.php\/wp-json\/wp\/v2\/pages"}],"about":[{"href":"https:\/\/entreprise-en-transition.fr\/index.php\/wp-json\/wp\/v2\/types\/page"}],"author":[{"embeddable":true,"href":"https:\/\/entreprise-en-transition.fr\/index.php\/wp-json\/wp\/v2\/users\/2"}],"replies":[{"embeddable":true,"href":"https:\/\/entreprise-en-transition.fr\/index.php\/wp-json\/wp\/v2\/comments?post=420"}],"version-history":[{"count":42,"href":"https:\/\/entreprise-en-transition.fr\/index.php\/wp-json\/wp\/v2\/pages\/420\/revisions"}],"predecessor-version":[{"id":2489,"href":"https:\/\/entreprise-en-transition.fr\/index.php\/wp-json\/wp\/v2\/pages\/420\/revisions\/2489"}],"wp:attachment":[{"href":"https:\/\/entreprise-en-transition.fr\/index.php\/wp-json\/wp\/v2\/media?parent=420"}],"curies":[{"name":"wp","href":"https:\/\/api.w.org\/{rel}","templated":true}]}}